{"id":13,"date":"2023-01-09T12:03:34","date_gmt":"2023-01-09T17:03:34","guid":{"rendered":"https:\/\/revues.dev.uqam.ca\/iref\/?page_id=13"},"modified":"2026-04-24T10:05:07","modified_gmt":"2026-04-24T14:05:07","slug":"equipe","status":"publish","type":"page","link":"https:\/\/revues.uqam.ca\/prefix\/a-propos\/equipe\/","title":{"rendered":"\u00c9quipe"},"content":{"rendered":"\n<h2 class=\"wp-block-heading\">Direction de la revue Pr\u00e9fiX<\/h2>\n\n\n\n<p><a href=\"https:\/\/professeurs.uqam.ca\/professeur\/piazzesi.chiara\/\">Chiara<\/a> <a href=\"https:\/\/professeurs.uqam.ca\/professeur\/piazzesi.chiara\/\">Piazzesi<\/a>, membre IREF, professeure en sociologie, UQAM<\/p>\n\n\n\n<h2 class=\"wp-block-heading\">Comit\u00e9 scientifique<\/h2>\n\n\n\n<p>Le Comit\u00e9 scientifique se rencontre trois fois par ann\u00e9e et a pour mandat d&rsquo;encadrer les num\u00e9ros et articles de la revue Pr\u00e9fiX et de la rubrique MultimiX et de veiller \u00e0 la qualit\u00e9 scientifique des publications.<\/p>\n\n\n\n<p>Il veille \u00e9galement aux orientations strat\u00e9giques de la revue.<\/p>\n\n\n\n<p>Celui-ci est compos\u00e9 de 10 membres:&nbsp;&nbsp;<\/p>\n\n\n\n<ol class=\"wp-block-list\">\n<li>Oc\u00e9ane Corbin, membre IREF, Doctorat en communication, UQAM<\/li>\n\n\n\n<li><a href=\"https:\/\/eric.univ-lyon2.fr\/cfavre\/\">C\u00e9cile Favre<\/a>, membre IREF, professeure en informatique, Universit\u00e9 Lyon 2<\/li>\n\n\n\n<li><a href=\"https:\/\/bottin.uqam.ca\/#\/employes\/FOURNIER_R#Fournier_Guillemette_Rosemarie\" target=\"_blank\" rel=\"noreferrer noopener\">Rosemarie Fournier-Guillemette<\/a>, membre IREF, charg\u00e9e de cours, UQAM<\/li>\n\n\n\n<li><a href=\"https:\/\/professeurs.uqam.ca\/professeur\/galerand.elsa\/\" target=\"_blank\" rel=\"noreferrer noopener\">Elsa Galerand<\/a>, membre IREF, professeure en sociologie, UQAM<\/li>\n\n\n\n<li><a href=\"https:\/\/www.unibo.it\/sitoweb\/chiara.gius\/en\">Chiara Gus<\/a>, professeure en politiques et sciecnes sociales, Universit\u00e9 de Bologne <\/li>\n\n\n\n<li><a href=\"https:\/\/professeurs.uqam.ca\/professeur\/lavigne.julie\/\" target=\"_blank\" rel=\"noreferrer noopener\">Julie Lavigne<\/a>, membre IREF, professeure en sexologie, UQAM<\/li>\n\n\n\n<li><a href=\"https:\/\/professeurs.uqam.ca\/professeur\/piazzesi.chiara\/\" target=\"_blank\" rel=\"noreferrer noopener\">Chiara Piazzesi<\/a>, membre IREF, professeure en sociologie, UQAM<\/li>\n\n\n\n<li><a href=\"https:\/\/bottin.uqam.ca\/#\/employes\/ROY_MARI#Roy_Marie-Andree\" target=\"_blank\" rel=\"noreferrer noopener\">Marie-Andr\u00e9e Roy<\/a>, membre IREF, professeure en sciences des religions, UQAM<\/li>\n\n\n\n<li>H\u00e9lo\u00efse Russel-Holland, membre IREF, doctorat en sociologie, UQAM<\/li>\n\n\n\n<li>Anne-Marie Veillette, membre IREF, professeure en \u00e9tudes urbaines et touristiques, UQAM<\/li>\n<\/ol>\n\n\n\n<h2 class=\"wp-block-heading\">Direction des num\u00e9ros <\/h2>\n\n\n\n<p>La direction de publication (responsable de num\u00e9ro) : <\/p>\n\n\n\n<ul class=\"wp-block-list\">\n<li>Assure la qualit\u00e9 scientifique des textes qui feront partie du num\u00e9ro;<\/li>\n\n\n\n<li>Identifie les \u00e9valuateurices pour chaque article (la direction peut \u00e9valuer au maximum deux articles du num\u00e9ro qu&rsquo;elle dirige et ne peut \u00e9valuer un article d&rsquo;une co-direction);<\/li>\n\n\n\n<li>Assure le flux de r\u00e9vision et d\u2019\u00e9dition;<\/li>\n\n\n\n<li>Assure la lecture finale avant la mise en ligne.<\/li>\n<\/ul>\n\n\n\n<p><strong>Lorsqu&rsquo;une proposition de manuscrit est soumise, une personne responsable de son \u00e9dition doit \u00eatre identifi\u00e9e.<\/strong><\/p>\n\n\n\n<h2 class=\"wp-block-heading\">Coordination<\/h2>\n\n\n\n<p>Les professionnelles qui travaillent \u00e0 l\u2019IREF\u00a0assurent la coordination de la revue :<\/p>\n\n\n\n<ul class=\"wp-block-list\">\n<li>Bronja Hildgen: <em><a href=\"https:\/\/revues.uqam.ca\/prefix\/numeros-revue-prefix\/vol-1-no-1\/\" target=\"_blank\" rel=\"noreferrer noopener\">Num\u00e9ros <\/a><\/em>de la revue Pr\u00e9fiX, la rubrique <em><a href=\"https:\/\/revues.uqam.ca\/prefix\/en-vrac\/\" target=\"_blank\" rel=\"noreferrer noopener\">MultimiX<\/a><\/em> et la rubrique <em><a href=\"https:\/\/revues.uqam.ca\/prefix\/feminisphere-presentation\/\" target=\"_blank\" rel=\"noreferrer noopener\">F\u00e9minisph\u00e8re<\/a><\/em><\/li>\n\n\n\n<li>Sophie Guinamand:  la rubrique <em><a href=\"https:\/\/revues.uqam.ca\/prefix\/actualites\/\" target=\"_blank\" rel=\"noreferrer noopener\">Dans les m\u00e9dias<\/a><\/em>\u00a0et <a href=\"https:\/\/revues.uqam.ca\/prefix\/activites\/\" target=\"_blank\" rel=\"noreferrer noopener\"><em>Act<\/em>ivit\u00e9s<\/a><\/li>\n<\/ul>\n\n\n\n<p>Elles assurent la mise \u00e0 jour des rubriques du site et planifient, en fonction des ressources disponibles, la mise en ligne des publications.<\/p>\n\n\n\n<h2 class=\"wp-block-heading\">Comit\u00e9 de travail pour la conceptualisation de la Revue<\/h2>\n\n\n\n<ul class=\"wp-block-list\">\n<li>V\u00e9ronique Cnockaert, membre IREF, professeure en \u00e9tudes litt\u00e9raires, UQAM<\/li>\n\n\n\n<li>Rosemarie Fournier-Guillemette, membre IREF, charg\u00e9e de cours, UQAM<\/li>\n\n\n\n<li>Elsa Galerand, membre IREF, professeure en sociologie, UQAM<\/li>\n\n\n\n<li>Alexandre Godin, biblioth\u00e9caire, Service des biblioth\u00e8ques, UQAM<\/li>\n\n\n\n<li>Bronja Hildgen, agente de recherche et de planification, IREF<\/li>\n\n\n\n<li>Cynthia Lis\u00e9e, biblioth\u00e9caire, Service des biblioth\u00e8ques, UQAM<\/li>\n\n\n\n<li>Jonathan Laporte, biblioth\u00e9caire, Service des biblioth\u00e8ques, UQAM<\/li>\n\n\n\n<li>Julie Lavigne, membre IREF, professeure en sexologie, UQAM<\/li>\n\n\n\n<li>Maria Nengeh Mensah, membre IREF, professeure en travail social, UQAM<\/li>\n\n\n\n<li>M\u00e9lanie Millette, membre IREF, professeure en communication, UQAM<\/li>\n\n\n\n<li>Chiara Piazzesi, membre IREF, professeure en sociologie, UQAM<\/li>\n<\/ul>\n","protected":false},"excerpt":{"rendered":"<p>Direction de la revue Pr\u00e9fiX Chiara Piazzesi, membre IREF, professeure en sociologie, UQAM Comit\u00e9 scientifique Le Comit\u00e9 scientifique se rencontre trois fois par ann\u00e9e et a pour mandat d&rsquo;encadrer les num\u00e9ros et articles de la revue Pr\u00e9fiX et de la rubrique MultimiX et de veiller \u00e0 la qualit\u00e9 scientifique des publications. Il veille \u00e9galement aux [&hellip;]<\/p>\n","protected":false},"author":16,"featured_media":0,"parent":18,"menu_order":1,"comment_status":"closed","ping_status":"closed","template":"","meta":{"_acf_changed":false,"advgb_blocks_editor_width":"","advgb_blocks_columns_visual_guide":"","footnotes":""},"categories":[],"class_list":["post-13","page","type-page","status-publish","hentry"],"acf":[],"yoast_head":"<!-- This site is optimized with the Yoast SEO plugin v22.1 - https:\/\/yoast.com\/wordpress\/plugins\/seo\/ -->\n<title>\u00c9quipe | PR\u00c9FIX<\/title>\n<meta name=\"robots\" content=\"index, follow, max-snippet:-1, max-image-preview:large, max-video-preview:-1\" \/>\n<link rel=\"canonical\" href=\"https:\/\/revues.uqam.ca\/prefix\/a-propos\/equipe\/\" \/>\n<meta property=\"og:locale\" content=\"fr_CA\" \/>\n<meta property=\"og:type\" content=\"article\" \/>\n<meta property=\"og:title\" content=\"\u00c9quipe | PR\u00c9FIX\" \/>\n<meta property=\"og:description\" content=\"Direction de la revue Pr\u00e9fiX Chiara Piazzesi, membre IREF, professeure en sociologie, UQAM Comit\u00e9 scientifique Le Comit\u00e9 scientifique se rencontre trois fois par ann\u00e9e et a pour mandat d&rsquo;encadrer les num\u00e9ros et articles de la revue Pr\u00e9fiX et de la rubrique MultimiX et de veiller \u00e0 la qualit\u00e9 scientifique des publications. Il veille \u00e9galement aux [&hellip;]\" \/>\n<meta property=\"og:url\" content=\"https:\/\/revues.uqam.ca\/prefix\/a-propos\/equipe\/\" \/>\n<meta property=\"og:site_name\" content=\"PR\u00c9FIX\" \/>\n<meta property=\"article:modified_time\" content=\"2026-04-24T14:05:07+00:00\" \/>\n<meta name=\"twitter:card\" content=\"summary_large_image\" \/>\n<meta name=\"twitter:label1\" content=\"Estimation du temps de lecture\" \/>\n\t<meta name=\"twitter:data1\" content=\"3 minutes\" \/>\n<script type=\"application\/ld+json\" class=\"yoast-schema-graph\">{\"@context\":\"https:\/\/schema.org\",\"@graph\":[{\"@type\":\"WebPage\",\"@id\":\"https:\/\/revues.uqam.ca\/prefix\/a-propos\/equipe\/\",\"url\":\"https:\/\/revues.uqam.ca\/prefix\/a-propos\/equipe\/\",\"name\":\"\u00c9quipe | PR\u00c9FIX\",\"isPartOf\":{\"@id\":\"https:\/\/revues.uqam.ca\/prefix\/#website\"},\"datePublished\":\"2023-01-09T17:03:34+00:00\",\"dateModified\":\"2026-04-24T14:05:07+00:00\",\"breadcrumb\":{\"@id\":\"https:\/\/revues.uqam.ca\/prefix\/a-propos\/equipe\/#breadcrumb\"},\"inLanguage\":\"fr-CA\",\"potentialAction\":[{\"@type\":\"ReadAction\",\"target\":[\"https:\/\/revues.uqam.ca\/prefix\/a-propos\/equipe\/\"]}]},{\"@type\":\"BreadcrumbList\",\"@id\":\"https:\/\/revues.uqam.ca\/prefix\/a-propos\/equipe\/#breadcrumb\",\"itemListElement\":[{\"@type\":\"ListItem\",\"position\":1,\"name\":\"UQAM\",\"item\":\"https:\/\/uqam.ca\"},{\"@type\":\"ListItem\",\"position\":2,\"name\":\"PR\u00c9FIX\",\"item\":\"https:\/\/revues.uqam.ca\/prefix\"},{\"@type\":\"ListItem\",\"position\":3,\"name\":\"\u00c0 propos\",\"item\":\"https:\/\/revues.uqam.ca\/prefix\/a-propos\/\"},{\"@type\":\"ListItem\",\"position\":4,\"name\":\"\u00c9quipe\"}]},{\"@type\":\"WebSite\",\"@id\":\"https:\/\/revues.uqam.ca\/prefix\/#website\",\"url\":\"https:\/\/revues.uqam.ca\/prefix\/\",\"name\":\"PR\u00c9FIX\",\"description\":\"\",\"potentialAction\":[{\"@type\":\"SearchAction\",\"target\":{\"@type\":\"EntryPoint\",\"urlTemplate\":\"https:\/\/revues.uqam.ca\/prefix\/recherche\/?q={search_term_string}\"},\"query-input\":\"required name=search_term_string\"}],\"inLanguage\":\"fr-CA\"}]}<\/script>\n<!-- \/ Yoast SEO plugin. -->","yoast_head_json":{"title":"\u00c9quipe | PR\u00c9FIX","robots":{"index":"index","follow":"follow","max-snippet":"max-snippet:-1","max-image-preview":"max-image-preview:large","max-video-preview":"max-video-preview:-1"},"canonical":"https:\/\/revues.uqam.ca\/prefix\/a-propos\/equipe\/","og_locale":"fr_CA","og_type":"article","og_title":"\u00c9quipe | PR\u00c9FIX","og_description":"Direction de la revue Pr\u00e9fiX Chiara Piazzesi, membre IREF, professeure en sociologie, UQAM Comit\u00e9 scientifique Le Comit\u00e9 scientifique se rencontre trois fois par ann\u00e9e et a pour mandat d&rsquo;encadrer les num\u00e9ros et articles de la revue Pr\u00e9fiX et de la rubrique MultimiX et de veiller \u00e0 la qualit\u00e9 scientifique des publications. Il veille \u00e9galement aux [&hellip;]","og_url":"https:\/\/revues.uqam.ca\/prefix\/a-propos\/equipe\/","og_site_name":"PR\u00c9FIX","article_modified_time":"2026-04-24T14:05:07+00:00","twitter_card":"summary_large_image","twitter_misc":{"Estimation du temps de lecture":"3 minutes"},"schema":{"@context":"https:\/\/schema.org","@graph":[{"@type":"WebPage","@id":"https:\/\/revues.uqam.ca\/prefix\/a-propos\/equipe\/","url":"https:\/\/revues.uqam.ca\/prefix\/a-propos\/equipe\/","name":"\u00c9quipe | PR\u00c9FIX","isPartOf":{"@id":"https:\/\/revues.uqam.ca\/prefix\/#website"},"datePublished":"2023-01-09T17:03:34+00:00","dateModified":"2026-04-24T14:05:07+00:00","breadcrumb":{"@id":"https:\/\/revues.uqam.ca\/prefix\/a-propos\/equipe\/#breadcrumb"},"inLanguage":"fr-CA","potentialAction":[{"@type":"ReadAction","target":["https:\/\/revues.uqam.ca\/prefix\/a-propos\/equipe\/"]}]},{"@type":"BreadcrumbList","@id":"https:\/\/revues.uqam.ca\/prefix\/a-propos\/equipe\/#breadcrumb","itemListElement":[{"@type":"ListItem","position":1,"name":"UQAM","item":"https:\/\/uqam.ca"},{"@type":"ListItem","position":2,"name":"PR\u00c9FIX","item":"https:\/\/revues.uqam.ca\/prefix"},{"@type":"ListItem","position":3,"name":"\u00c0 propos","item":"https:\/\/revues.uqam.ca\/prefix\/a-propos\/"},{"@type":"ListItem","position":4,"name":"\u00c9quipe"}]},{"@type":"WebSite","@id":"https:\/\/revues.uqam.ca\/prefix\/#website","url":"https:\/\/revues.uqam.ca\/prefix\/","name":"PR\u00c9FIX","description":"","potentialAction":[{"@type":"SearchAction","target":{"@type":"EntryPoint","urlTemplate":"https:\/\/revues.uqam.ca\/prefix\/recherche\/?q={search_term_string}"},"query-input":"required name=search_term_string"}],"inLanguage":"fr-CA"}]}},"coauthors":[{"link":"https:\/\/revues.uqam.ca\/prefix\/author\/hildgen-bronjauqam-ca\/","display_name":"Hildgen, Bronja"}],"author_meta":{"author_link":"https:\/\/revues.uqam.ca\/prefix\/author\/hildgen-bronjauqam-ca\/","display_name":"Hildgen, Bronja"},"relative_dates":{"created":"Posted 3 ann\u00e9es ago","modified":"Updated 4 jours ago"},"absolute_dates":{"created":"Posted on 9 janvier 2023","modified":"Updated on 24 avril 2026"},"absolute_dates_time":{"created":"Posted on 9 janvier 2023 12 h 03 min","modified":"Updated on 24 avril 2026 10 h 05 min"},"featured_img_caption":"","featured_img":false,"series_order":"","_links":{"self":[{"href":"https:\/\/revues.uqam.ca\/prefix\/wp-json\/wp\/v2\/pages\/13","targetHints":{"allow":["GET"]}}],"collection":[{"href":"https:\/\/revues.uqam.ca\/prefix\/wp-json\/wp\/v2\/pages"}],"about":[{"href":"https:\/\/revues.uqam.ca\/prefix\/wp-json\/wp\/v2\/types\/page"}],"author":[{"embeddable":true,"href":"https:\/\/revues.uqam.ca\/prefix\/wp-json\/wp\/v2\/users\/16"}],"replies":[{"embeddable":true,"href":"https:\/\/revues.uqam.ca\/prefix\/wp-json\/wp\/v2\/comments?post=13"}],"version-history":[{"count":45,"href":"https:\/\/revues.uqam.ca\/prefix\/wp-json\/wp\/v2\/pages\/13\/revisions"}],"predecessor-version":[{"id":7590,"href":"https:\/\/revues.uqam.ca\/prefix\/wp-json\/wp\/v2\/pages\/13\/revisions\/7590"}],"up":[{"embeddable":true,"href":"https:\/\/revues.uqam.ca\/prefix\/wp-json\/wp\/v2\/pages\/18"}],"wp:attachment":[{"href":"https:\/\/revues.uqam.ca\/prefix\/wp-json\/wp\/v2\/media?parent=13"}],"wp:term":[{"taxonomy":"category","embeddable":true,"href":"https:\/\/revues.uqam.ca\/prefix\/wp-json\/wp\/v2\/categories?post=13"}],"curies":[{"name":"wp","href":"https:\/\/api.w.org\/{rel}","templated":true}]}}