{"version":"1.0","provider_name":"PR\u00c9FIX","provider_url":"https:\/\/revues.uqam.ca\/prefix","author_name":"Laporte, Jonathan","author_url":"https:\/\/revues.uqam.ca\/prefix\/author\/laporte_jon\/","title":"La Foire f\u00e9ministe: les mots des f\u00e9ministes dans la cit\u00e9 | PR\u00c9FIX","type":"rich","width":600,"height":338,"html":"<blockquote class=\"wp-embedded-content\" data-secret=\"FAfZAZ96v5\"><a href=\"https:\/\/revues.uqam.ca\/prefix\/ressources\/temoignages-foire-feministes-feministes-dans-la-cite\/\">La Foire f\u00e9ministe: les mots des f\u00e9ministes dans la cit\u00e9<\/a><\/blockquote><iframe sandbox=\"allow-scripts\" security=\"restricted\" src=\"https:\/\/revues.uqam.ca\/prefix\/ressources\/temoignages-foire-feministes-feministes-dans-la-cite\/embed\/#?secret=FAfZAZ96v5\" width=\"600\" height=\"338\" title=\"&laquo; La Foire f\u00e9ministe: les mots des f\u00e9ministes dans la cit\u00e9 &raquo; &#8212; PR\u00c9FIX\" data-secret=\"FAfZAZ96v5\" frameborder=\"0\" marginwidth=\"0\" marginheight=\"0\" scrolling=\"no\" class=\"wp-embedded-content\"><\/iframe><script type=\"text\/javascript\">\n\/* <![CDATA[ *\/\n\/*! This file is auto-generated *\/\n!function(d,l){\"use strict\";l.querySelector&&d.addEventListener&&\"undefined\"!=typeof URL&&(d.wp=d.wp||{},d.wp.receiveEmbedMessage||(d.wp.receiveEmbedMessage=function(e){var t=e.data;if((t||t.secret||t.message||t.value)&&!\/[^a-zA-Z0-9]\/.test(t.secret)){for(var s,r,n,a=l.querySelectorAll('iframe[data-secret=\"'+t.secret+'\"]'),o=l.querySelectorAll('blockquote[data-secret=\"'+t.secret+'\"]'),c=new RegExp(\"^https?:$\",\"i\"),i=0;i<o.length;i++)o[i].style.display=\"none\";for(i=0;i<a.length;i++)s=a[i],e.source===s.contentWindow&&(s.removeAttribute(\"style\"),\"height\"===t.message?(1e3<(r=parseInt(t.value,10))?r=1e3:~~r<200&&(r=200),s.height=r):\"link\"===t.message&&(r=new URL(s.getAttribute(\"src\")),n=new URL(t.value),c.test(n.protocol))&&n.host===r.host&&l.activeElement===s&&(d.top.location.href=t.value))}},d.addEventListener(\"message\",d.wp.receiveEmbedMessage,!1),l.addEventListener(\"DOMContentLoaded\",function(){for(var e,t,s=l.querySelectorAll(\"iframe.wp-embedded-content\"),r=0;r<s.length;r++)(t=(e=s[r]).getAttribute(\"data-secret\"))||(t=Math.random().toString(36).substring(2,12),e.src+=\"#?secret=\"+t,e.setAttribute(\"data-secret\",t)),e.contentWindow.postMessage({message:\"ready\",secret:t},\"*\")},!1)))}(window,document);\n\/\/# sourceURL=https:\/\/revues.uqam.ca\/prefix\/wp-includes\/js\/wp-embed.min.js\n\/* ]]> *\/\n<\/script>\n","description":"Suite au questionnaire \u00ab\u00a0l&rsquo;ABCF f\u00e9ministe\u00a0\u00bb disponible durant la Foire, nous avons compil\u00e9 les valeurs importantes retenues par les participant\u00b7e\u00b7s, ainsi que quelques concepts et visions du f\u00e9minisme. Des participantes nous ont dit avoir d\u00e9couverts de nouveaux concepts f\u00e9ministes. En voici quelques uns, accompagn\u00e9s des d\u00e9finitions propos\u00e9es par les participantes. Pour nos participant\u00b7e\u00b7s \u00e0 la Foire [&hellip;]","thumbnail_url":"https:\/\/revues.uqam.ca\/prefix\/wp-content\/uploads\/sites\/4\/2019\/04\/7.jpg"}