{"version":"1.0","provider_name":"PR\u00c9FIX","provider_url":"https:\/\/revues.uqam.ca\/prefix","author_name":"Laporte, Jonathan","author_url":"https:\/\/revues.uqam.ca\/prefix\/author\/laporte_jon\/","title":"Le mythe de l\u2019avortement en tant que g\u00e9nocide des Noir\u00b7es: recouvrer nos choix en mati\u00e8re de procr\u00e9ation | PR\u00c9FIX","type":"rich","width":600,"height":338,"html":"<blockquote class=\"wp-embedded-content\" data-secret=\"W5Z9UL3IUI\"><a href=\"https:\/\/revues.uqam.ca\/prefix\/multimix\/le-mythe-de-lavortement\/\">Le mythe de l\u2019avortement en tant que g\u00e9nocide des Noir\u00b7es: recouvrer nos choix en mati\u00e8re de procr\u00e9ation<\/a><\/blockquote><iframe sandbox=\"allow-scripts\" security=\"restricted\" src=\"https:\/\/revues.uqam.ca\/prefix\/multimix\/le-mythe-de-lavortement\/embed\/#?secret=W5Z9UL3IUI\" width=\"600\" height=\"338\" title=\"&laquo; Le mythe de l\u2019avortement en tant que g\u00e9nocide des Noir\u00b7es: recouvrer nos choix en mati\u00e8re de procr\u00e9ation &raquo; &#8212; PR\u00c9FIX\" data-secret=\"W5Z9UL3IUI\" frameborder=\"0\" marginwidth=\"0\" marginheight=\"0\" scrolling=\"no\" class=\"wp-embedded-content\"><\/iframe><script type=\"text\/javascript\">\n\/* <![CDATA[ *\/\n\/*! This file is auto-generated *\/\n!function(d,l){\"use strict\";l.querySelector&&d.addEventListener&&\"undefined\"!=typeof URL&&(d.wp=d.wp||{},d.wp.receiveEmbedMessage||(d.wp.receiveEmbedMessage=function(e){var t=e.data;if((t||t.secret||t.message||t.value)&&!\/[^a-zA-Z0-9]\/.test(t.secret)){for(var s,r,n,a=l.querySelectorAll('iframe[data-secret=\"'+t.secret+'\"]'),o=l.querySelectorAll('blockquote[data-secret=\"'+t.secret+'\"]'),c=new RegExp(\"^https?:$\",\"i\"),i=0;i<o.length;i++)o[i].style.display=\"none\";for(i=0;i<a.length;i++)s=a[i],e.source===s.contentWindow&&(s.removeAttribute(\"style\"),\"height\"===t.message?(1e3<(r=parseInt(t.value,10))?r=1e3:~~r<200&&(r=200),s.height=r):\"link\"===t.message&&(r=new URL(s.getAttribute(\"src\")),n=new URL(t.value),c.test(n.protocol))&&n.host===r.host&&l.activeElement===s&&(d.top.location.href=t.value))}},d.addEventListener(\"message\",d.wp.receiveEmbedMessage,!1),l.addEventListener(\"DOMContentLoaded\",function(){for(var e,t,s=l.querySelectorAll(\"iframe.wp-embedded-content\"),r=0;r<s.length;r++)(t=(e=s[r]).getAttribute(\"data-secret\"))||(t=Math.random().toString(36).substring(2,12),e.src+=\"#?secret=\"+t,e.setAttribute(\"data-secret\",t)),e.contentWindow.postMessage({message:\"ready\",secret:t},\"*\")},!1)))}(window,document);\n\/\/# sourceURL=https:\/\/revues.uqam.ca\/prefix\/wp-includes\/js\/wp-embed.min.js\n\/* ]]> *\/\n<\/script>\n","thumbnail_url":"https:\/\/revues.uqam.ca\/prefix\/wp-content\/uploads\/sites\/4\/2024\/02\/UQAM_multimix_vignette_1080x1080.png","thumbnail_width":1081,"thumbnail_height":1081,"description":"Ce texte de la juriste Shyrissa Dobbins-Harris pr\u00e9sente justement l\u2019antif\u00e9minisme afro-am\u00e9ricain dans une perspective \u00e0 la fois historique et dynamique, en lien avec les r\u00e9actions des afrof\u00e9ministes pour contrer ce contre-mouvement au sein m\u00eame de leurs communaut\u00e9s. Le texte est d\u2019autant plus pertinent qu\u2019il traite plus sp\u00e9cifiquement de la d\u00e9licate question du droit \u00e0 l\u2019avortement et de la justice reproductive aux \u00c9tats-Unis, sous attaque un peu partout dans le pays apr\u00e8s la d\u00e9cision de la cour supr\u00eame d\u2019invalider Roe vs. Wade, en 2022."}