{"id":86,"date":"2023-01-16T15:28:43","date_gmt":"2023-01-16T20:28:43","guid":{"rendered":"https:\/\/revues.dev.uqam.ca\/iref\/?page_id=86"},"modified":"2024-04-16T21:31:31","modified_gmt":"2024-04-16T21:31:31","slug":"libre-acces","status":"publish","type":"page","link":"https:\/\/revues.uqam.ca\/modele\/a-propos\/politique-editoriale\/libre-acces\/","title":{"rendered":"Libre acc\u00e8s"},"content":{"rendered":"\n<ul class=\"wp-block-list\">\n<li><a href=\"#type\">Type d&rsquo;acc\u00e8s aux contenus<\/a><\/li>\n\n\n\n<li><a href=\"#principales\">Principales versions du manuscrit<\/a><\/li>\n\n\n\n<li><a href=\"#complements\">Compl\u00e9ments d&rsquo;information<\/a><\/li>\n<\/ul>\n\n\n\n<h2 class=\"wp-block-heading\" id=\"type\">Type d&rsquo;acc\u00e8s aux contenus<\/h2>\n\n\n\n<h3 class=\"wp-block-heading\" id=\"definition-5acc1665-174d-454c-bf9f-7c3054cce71e\">D\u00e9finition<\/h3>\n\n\n\n<div class=\"wp-block-group has-very-light-gray-to-cyan-bluish-gray-gradient-background has-background\"><div class=\"wp-block-group__inner-container is-layout-constrained wp-block-group-is-layout-constrained\">\n<p>Soyez clair sur ce que vous entendez par la publication de contenu en libre acc\u00e8s. Si une barri\u00e8re mobile s&rsquo;applique pour d\u00e9terminer quand un contenu devient libre, il faut le pr\u00e9ciser. Si vous avez comme objectif de faire r\u00e9f\u00e9rencer votre revue dans le r\u00e9pertoire DOAJ, prenez en compte que cette organisation exige que le site web de la revue (via sa politique de libre acc\u00e8s) certifie que la revue adh\u00e8re \u00e0 une d\u00e9finition du libre acc\u00e8s compatible \u00e0 la leur.<\/p>\n\n\n\n<h4 class=\"wp-block-heading\" id=\"exemple-f6a8e837-737b-43c1-9757-ccfe0849c196\">Exemple<\/h4>\n\n\n\n<ul class=\"wp-block-list\">\n<li>La Revue est une revue en libre acc\u00e8s, c&rsquo;est-\u00e0-dire que tous les contenus publi\u00e9s par la revue sont attribu\u00e9s d&rsquo;une licence Creative Commons XYZ [ou l&rsquo;\u00e9quivalent] qui accorde certains droits d\u2019utilisation aux utilisateur\u00b7trice\u00b7s, donnant lieu \u00e0 un acc\u00e8s gratuit et imm\u00e9diat aux contenus. Tout utilisateur\u00b7trice a la permission de lire, de t\u00e9l\u00e9charger, de copier, de distribuer, d\u2019imprimer le texte int\u00e9gral des contenus publi\u00e9s, de chercher \u00e0 l\u2019int\u00e9rieur de ceux-ci, ou d\u2019y renvoyer par le biais d\u2019hyperliens, ainsi que de les diss\u00e9quer pour les indexer, de s&rsquo;en servir comme jeux de donn\u00e9es pour un logiciel, ou de les utiliser de toute autre mani\u00e8re l\u00e9gale (source : d\u00e9finition selon le DOAJ). L&rsquo;acc\u00e8s aux contenus ne n\u00e9cessite aucune ouverture de compte utilisateur pour le lecteur.<\/li>\n<\/ul>\n<\/div><\/div>\n\n\n\n<p>Donec cursus, tellus nec finibus dapibus, nunc justo mollis magna, sed consectetur lectus nisl et nisl. Fusce quis nisl felis. Vestibulum sit amet nunc at nulla consectetur porta. Aliquam gravida orci dui, nec aliquam diam dapibus at. Morbi ultrices ligula in leo tempus posuere. Suspendisse id egestas diam, nec venenatis ligula. Pellentesque rutrum tempus suscipit. Sed bibendum quam dolor, eu pulvinar est efficitur in. Nullam pellentesque mi sed ex blandit, sed consequat nisl imperdiet. Fusce in sollicitudin lacus, a tincidunt libero. Morbi luctus erat vel elit rhoncus sodales. Suspendisse scelerisque ex et enim congue molestie. In a aliquam dolor, non sagittis erat. Vivamus egestas gravida ornare.<\/p>\n\n\n\n<h3 class=\"wp-block-heading\" id=\"couts-5dfb72c9-99e5-472a-8a45-fe09ff243d5c\">Co\u00fbts<\/h3>\n\n\n\n<div class=\"wp-block-group has-very-light-gray-to-cyan-bluish-gray-gradient-background has-background\"><div class=\"wp-block-group__inner-container is-layout-constrained wp-block-group-is-layout-constrained\">\n<p>Si la revue se finance par des abonnements, apportez ces pr\u00e9cisions et pointez vers la page permettant de souscrire audit abonnement.<\/p>\n\n\n\n<p>Si la revue se finance par des frais de traitement d&rsquo;article (Article Processing Charge), indiquez le montant associ\u00e9 ainsi que toute autre d\u00e9pense que l&rsquo;Auteur doit assumer : frais de soumission, frais de traitement \u00e9ditorial, frais pour pages exc\u00e9dentaires, etc.<\/p>\n\n\n\n<p>Si la revue ne collecte pas de frais de traitement d&rsquo;article, l&rsquo;\u00e9noncer clairement. Vous pouvez compl\u00e9ter en mentionnant comment la Revue est financ\u00e9e par des subventions. Voir cet exemple de formulation, tout en bas de la page, section <a href=\"https:\/\/franorfon.org\/about\/submissions#publication-fees\">Frais de publication<\/a>, de la revue <em>Nordic Journal of Francophone Studies<\/em>.<\/p>\n<\/div><\/div>\n\n\n\n<p>Pellentesque gravida ullamcorper purus. Vestibulum risus ligula, rutrum sit amet aliquam eget, volutpat a nisi. Suspendisse finibus leo leo, a facilisis sapien bibendum a. Lorem ipsum dolor sit amet, consectetur adipiscing elit. Nullam fermentum felis sed lorem lacinia, vel lobortis mi tincidunt. Curabitur elit dolor, sodales id feugiat id, scelerisque sed dui. Aliquam nec egestas leo. Vestibulum vitae velit vel magna finibus sodales. Phasellus dignissim ut justo non pellentesque. Fusce pulvinar nibh elit, sit amet luctus nisi laoreet eget. Curabitur sodales enim quis justo tincidunt, in sodales dolor porttitor. Maecenas pharetra, eros ut placerat gravida, nulla mauris commodo ipsum, at bibendum nibh nulla vitae risus. Fusce nec ullamcorper ipsum, ut accumsan ante. Aliquam ut quam in justo congue euismod. Duis sodales felis est, eu pulvinar risus pharetra nec.<\/p>\n\n\n\n<h2 class=\"wp-block-heading\" id=\"principales\">Principales versions du manuscrit<\/h2>\n\n\n\n<div class=\"wp-block-group has-very-light-gray-to-cyan-bluish-gray-gradient-background has-background\"><div class=\"wp-block-group__inner-container is-layout-constrained wp-block-group-is-layout-constrained\">\n<p>La&nbsp;<a href=\"http:\/\/www.niso.org\/publications\/niso-rp-8-2008-jav\" rel=\"noreferrer noopener\" target=\"_blank\">norme NISO RP-8-2008<\/a>&nbsp;d\u00e9finit les principales versions d&rsquo;un article scientifique. Pour les fins d&rsquo;une politique de libre acc\u00e8s, seules trois versions sont importantes \u00e0 traiter :<\/p>\n\n\n\n<ul class=\"wp-block-list\">\n<li>manuscrit soumis (Author&rsquo;s Original)<\/li>\n\n\n\n<li>version accept\u00e9e de l&rsquo;auteur (Accepted Version)<\/li>\n\n\n\n<li>version de l&rsquo;\u00e9diteur (Version of Record &#8211; VoR)<\/li>\n<\/ul>\n\n\n\n<p>Afin que l&rsquo;Auteur puisse soumettre son manuscrit aupr\u00e8s de votre revue en toute connaissance de cause, la politique de libre acc\u00e8s doit informer l&rsquo;Auteur des conditions de diffusion qui sont autoris\u00e9es pour chacune de ces trois versions en pr\u00e9cisant sur quelle(s) plateforme(s) la diffusion est autoris\u00e9e, ou encore, si aucune diffusion n&rsquo;est autoris\u00e9e, \u00e0 partir de quel moment, par rapport \u00e0 la date de publication, cette version peut \u00eatre diffus\u00e9e.<\/p>\n\n\n\n<p>Si l&rsquo;Auteur ne retient pas ses droits d&rsquo;auteur pour l&rsquo;une ou l&rsquo;autre de ces trois versions, assurez-vous de le mentionner dans la politique de droit d&rsquo;auteur et dans l&rsquo;entente de publication. V\u00e9rifiez aussi que ces deux politiques et l&rsquo;entente de publication sont coh\u00e9rents.<\/p>\n\n\n\n<p>Notez qu&rsquo;il est de bonne pratique d&rsquo;attribuer une licence CC pour chacune de ces versions, pas seulement la version publi\u00e9e. Dans les cas o\u00f9 l&rsquo;Auteur retient ses droits sur l&rsquo;une ou l&rsquo;autre de ces versions, invitez-le \u00e0 attribuer une licence CC de son choix (une recommandation sera certainement la bienvenue).<\/p>\n<\/div><\/div>\n\n\n\n<p>Aliquam erat volutpat. Nam libero neque, efficitur in ante quis, sagittis elementum ante. Etiam elementum dignissim ex eu lobortis. Pellentesque blandit, orci ut pretium blandit, enim massa varius mauris, id mollis eros magna sit amet felis. Aenean vitae eros nisl. Duis in metus efficitur, auctor neque ac, dictum nisi. Vestibulum iaculis elit sit amet turpis viverra convallis. Donec vitae dictum orci. Ut sollicitudin nisl sit amet enim blandit, vel dignissim libero commodo. Nullam at facilisis sapien. Nulla rutrum arcu vitae mi dictum dignissim.<\/p>\n\n\n\n<h3 class=\"wp-block-heading\" id=\"plateformes-de-diffusion-10b328f4-7f49-4401-a53d-82b1ad32701a\">Plateformes de diffusion<\/h3>\n\n\n\n<div class=\"wp-block-group has-very-light-gray-to-cyan-bluish-gray-gradient-background has-background\"><div class=\"wp-block-group__inner-container is-layout-constrained wp-block-group-is-layout-constrained\">\n<p>Exemple de plateformes \u00e0 commenter comme moyens de diffusion que vous autorisez ou non :<\/p>\n\n\n\n<ul class=\"wp-block-list\">\n<li>site web personnel de l&rsquo;auteur<\/li>\n\n\n\n<li>site web d&rsquo;une unit\u00e9 de recherche \u00e0 laquelle est affili\u00e9 l&rsquo;auteur (centre de recherche, chaire, observatoire, etc.)<\/li>\n\n\n\n<li>d\u00e9p\u00f4t institutionnel (ex. :&nbsp;<a href=\"https:\/\/archipel.uqam.ca\/\" rel=\"noreferrer noopener\" target=\"_blank\">Archipel<\/a>) ou d\u00e9p\u00f4t disciplinaire (ex. :&nbsp;<a href=\"https:\/\/www.ssrn.com\/index.cfm\/en\/\" rel=\"noreferrer noopener\" target=\"_blank\">SSRN<\/a>)<\/li>\n\n\n\n<li>r\u00e9seaux sociaux acad\u00e9miques commerciaux (ex. :&nbsp;<a href=\"https:\/\/www.researchgate.net\/\" rel=\"noreferrer noopener\" target=\"_blank\">ResearchGate<\/a>)<\/li>\n<\/ul>\n\n\n\n<p>Pr\u00e9cisez aussi si des conditions particuli\u00e8res doivent \u00eatre respect\u00e9es lors de la diffusion sur ces plateformes. Exemple :<\/p>\n\n\n\n<ul class=\"wp-block-list\">\n<li>la version accept\u00e9e doit contenir la r\u00e9f\u00e9rence bibliographique de la version publi\u00e9e par l&rsquo;\u00e9diteur<\/li>\n\n\n\n<li>la version accept\u00e9e doit contenir un lien menant sur la page de la revue, \u00e0 d\u00e9faut de la page contenant la notice de l&rsquo;article<\/li>\n\n\n\n<li>la pr\u00e9publication (manuscrit soumis, pr\u00e9alablement d\u00e9pos\u00e9 en autoarchivage) doit \u00eatre remplac\u00e9e ou comporter une mise \u00e0 jour avec la version accept\u00e9e<\/li>\n<\/ul>\n<\/div><\/div>\n\n\n\n<p>Nullam in ullamcorper mauris. Proin tincidunt lectus viverra orci suscipit, vel cursus lectus sodales. Quisque tempus, erat nec gravida vehicula, felis quam consectetur ex, at consequat risus enim vitae purus. Etiam ut elementum urna. Nam et efficitur neque. Ut augue nibh, egestas sed mauris id, accumsan consequat risus. Maecenas felis lectus, sodales a volutpat non, malesuada a tortor. Sed congue purus vel diam vulputate ullamcorper. Nulla facilisi. Nam non suscipit arcu.<\/p>\n\n\n\n<h3 class=\"wp-block-heading\" id=\"moment-de-la-diffusion-4ca8b42f-61aa-4f51-a40a-4794b4ec4b00\">Moment de la diffusion<\/h3>\n\n\n\n<div class=\"wp-block-group has-very-light-gray-to-cyan-bluish-gray-gradient-background has-background\"><div class=\"wp-block-group__inner-container is-layout-constrained wp-block-group-is-layout-constrained\">\n<p>Avant d&rsquo;\u00e9tablir vos d\u00e9lais de diffusion pour chacune des versions, prenez en compte le cadre offert par les politiques de libre acc\u00e8s des organismes de financement de la recherche.<\/p>\n\n\n\n<h4 class=\"wp-block-heading\" id=\"politique-de-libre-acces-du-frq-b6eff2d2-c670-4708-ab9c-d684544367e8\">Politique de libre acc\u00e8s du FRQ<\/h4>\n\n\n\n<ul class=\"wp-block-list\">\n<li>\u00c0 compter de juillet 2022 entr\u00e9e en vigueur de la&nbsp;<a href=\"https:\/\/frq.gouv.qc.ca\/politique-diffusion-2022\/\" rel=\"noreferrer noopener\" target=\"_blank\">politique r\u00e9vis\u00e9e<\/a><\/li>\n\n\n\n<li>Article r\u00e9vis\u00e9 par les pairs seulement<\/li>\n\n\n\n<li>Libre acc\u00e8s&nbsp;<strong>imm\u00e9diat<\/strong>&nbsp;\u00e0 la publication :\n<ul class=\"wp-block-list\">\n<li>soit en publiant dans une revue en libre acc\u00e8s (<em>version de l&rsquo;\u00e9diteur<\/em>), tel que l\u2019a d\u00e9fini le DOAJ<\/li>\n\n\n\n<li>soit en d\u00e9posant la&nbsp;<em>version accept\u00e9e<\/em>&nbsp;de l&rsquo;article dans un d\u00e9p\u00f4t institutionnel ou disciplinaire<\/li>\n<\/ul>\n<\/li>\n<\/ul>\n\n\n\n<h4 class=\"wp-block-heading\" id=\"Guide:Politiquedelibreacc\u00e8setd'autoarchivage-Politiquedelibreacc\u00e8sdesTroisConseils\">Politique de libre acc\u00e8s des Trois Conseils<\/h4>\n\n\n\n<ul class=\"wp-block-list\">\n<li>article r\u00e9vis\u00e9 par les pairs seulement<\/li>\n\n\n\n<li>libre acc\u00e8s&nbsp;<strong>au plus tard 12 mois apr\u00e8s<\/strong>&nbsp;la publication :\n<ul class=\"wp-block-list\">\n<li>soit en publiant dans une revue offrant une option de libre acc\u00e8s \u00e0 l&rsquo;int\u00e9rieur de ce d\u00e9lai&nbsp;<em>(version de l&rsquo;\u00e9diteur<\/em>)<\/li>\n\n\n\n<li>soit en publiant dans une revue avec abonnement, mais dont la barri\u00e8re mobile est \u00e0 12 mois ou moins (<em>version de l&rsquo;\u00e9diteur<\/em>)<\/li>\n\n\n\n<li>soit en d\u00e9posant la&nbsp;<em>version accept\u00e9e<\/em>&nbsp;de l&rsquo;article dans un d\u00e9p\u00f4t institutionnel ou disciplinaire<\/li>\n<\/ul>\n<\/li>\n<\/ul>\n\n\n\n<p>Pour chaque version, indiquez s&rsquo;il y a un d\u00e9lai avant la disponibilit\u00e9 en libre acc\u00e8s ou si vous acceptez que certaines versions soient en libre acc\u00e8s avant la publication de la version publi\u00e9e par la revue.<\/p>\n<\/div><\/div>\n\n\n\n<p>Lorem ipsum dolor sit amet, consectetur adipiscing elit. Nunc semper pharetra cursus. Suspendisse mattis elit ac maximus varius. Nullam non diam at nunc faucibus pulvinar. Quisque accumsan finibus neque ut rutrum. Pellentesque non neque ut sem pharetra tempus. Vestibulum ante ipsum primis in faucibus orci luctus et ultrices posuere cubilia curae; Quisque feugiat venenatis tortor vitae faucibus. Vivamus pharetra risus orci, non euismod nibh auctor tempus. Suspendisse sodales diam ac facilisis porttitor.<\/p>\n\n\n\n<div class=\"wp-block-group has-very-light-gray-to-cyan-bluish-gray-gradient-background has-background\"><div class=\"wp-block-group__inner-container is-layout-constrained wp-block-group-is-layout-constrained\">\n<h2 class=\"wp-block-heading\" id=\"complements\">Compl\u00e9ments d&rsquo;information <\/h2>\n\n\n\n<h3 class=\"wp-block-heading\">\u00c0 surveiller<\/h3>\n\n\n\n<ul class=\"wp-block-list\">\n<li>Des fournisseurs d&rsquo;information, comme DOAJ, ont comme crit\u00e8re d&rsquo;inclusion de r\u00e9f\u00e9rencement d&rsquo;une revue que la politique de libre acc\u00e8s soit affich\u00e9e sur le site web (points 7 et 12 des&nbsp;<a href=\"https:\/\/publicationethics.org\/resources\/guidelines-new\/principles-transparency-and-best-practice-scholarly-publishing\" rel=\"noreferrer noopener\" target=\"_blank\">Principes de transparence et de bonnes pratiques de l&rsquo;\u00e9dition savante<\/a>).<\/li>\n\n\n\n<li>Pour l&rsquo;int\u00e9gration dans le DOAJ, votre politique doit afficher une d\u00e9finition du libre acc\u00e8s compatible \u00e0 celle du DOAJ.<\/li>\n\n\n\n<li>Si votre revue est diffus\u00e9e sur plusieurs plateformes (ex. : \u00c9rudit, OpenEdition, site web de la revue et OJS), il faut que la m\u00eame information soit affich\u00e9e sur chaque site web.<\/li>\n<\/ul>\n\n\n\n<h3 class=\"wp-block-heading\" id=\"Guide:Politiquedelibreacc\u00e8setd'autoarchivage-Exemplesdeformulation\">Exemples de formulation<\/h3>\n\n\n\n<ul class=\"wp-block-list\">\n<li>Revues de la Liverpool University Press, section&nbsp;<a href=\"https:\/\/www.liverpooluniversitypress.co.uk\/pages\/journals-code-of-conduct\" target=\"_blank\" rel=\"noreferrer noopener\">\u00ab\u00a0copyright\u00a0\u00bb<\/a>&nbsp;ou m\u00eame contenu avec le&nbsp;<a href=\"https:\/\/journal.iainlangsa.ac.id\/index.php\/tibyan\/CN\" target=\"_blank\" rel=\"noreferrer noopener\">Jurnal At-Tibyan: Jurnal Ilmu Alqur&rsquo;an dan Tafsir<\/a>&nbsp;qui est dans le DOAJ<\/li>\n\n\n\n<li><a href=\"https:\/\/journals.openedition.org\/ere\/7493\" target=\"_blank\" rel=\"noreferrer noopener\">Politique de diffusion et d&rsquo;auto-archivage<\/a>&nbsp;de la Revue&nbsp;<em>\u00c9ducation relative \u00e0 l&rsquo;environnement<\/em><\/li>\n<\/ul>\n\n\n\n<h3 class=\"wp-block-heading\" id=\"Guide:Politiquedelibreacc\u00e8setd'autoarchivage-SherpaRomeo\">Sherpa Romeo<\/h3>\n\n\n\n<p>Pour faciliter le rep\u00e9rage de cette politique, il est recommand\u00e9 de la signaler dans le r\u00e9pertoire international de politiques de libre acc\u00e8s de revues&nbsp;<em>Sherpa Romeo<\/em>. Avant de remplir le&nbsp;<a href=\"https:\/\/forms.sherpa.ac.uk\/new-journal.php?service-identifier=romeo2\" rel=\"noreferrer noopener\" target=\"_blank\">formulaire en ligne<\/a>, assurez-vous que vous \u00eates en mesure de fournir les informations suivantes n\u00e9cessaires pour la cr\u00e9ation de la fiche :<\/p>\n\n\n\n<ul class=\"wp-block-list\">\n<li>Texte de la politique de libre acc\u00e8s sur le site web de votre revue<\/li>\n\n\n\n<li>ISSN valide<\/li>\n\n\n\n<li>Comit\u00e9 de r\u00e9daction clairement indiqu\u00e9 sur le site de la revue<\/li>\n<\/ul>\n<\/div><\/div>\n","protected":false},"excerpt":{"rendered":"<p>Type d&rsquo;acc\u00e8s aux contenus D\u00e9finition Soyez clair sur ce que vous entendez par la publication de contenu en libre acc\u00e8s. Si une barri\u00e8re mobile s&rsquo;applique pour d\u00e9terminer quand un contenu devient libre, il faut le pr\u00e9ciser. Si vous avez comme objectif de faire r\u00e9f\u00e9rencer votre revue dans le r\u00e9pertoire DOAJ, prenez en compte que cette [&hellip;]<\/p>\n","protected":false},"author":1,"featured_media":0,"parent":15,"menu_order":4,"comment_status":"closed","ping_status":"closed","template":"","meta":{"_acf_changed":false,"advgb_blocks_editor_width":"","advgb_blocks_columns_visual_guide":"","footnotes":""},"categories":[],"class_list":["post-86","page","type-page","status-publish","hentry"],"acf":[],"yoast_head":"<!-- This site is optimized with the Yoast SEO plugin v22.1 - https:\/\/yoast.com\/wordpress\/plugins\/seo\/ -->\n<title>Libre acc\u00e8s | Mod\u00e8le pour une revue savante<\/title>\n<meta name=\"robots\" content=\"noindex, follow, max-snippet:-1, max-image-preview:large, max-video-preview:-1\" \/>\n<meta property=\"og:locale\" content=\"fr_CA\" \/>\n<meta property=\"og:type\" content=\"article\" \/>\n<meta property=\"og:title\" content=\"Libre acc\u00e8s | Mod\u00e8le pour une revue savante\" \/>\n<meta property=\"og:description\" content=\"Type d&rsquo;acc\u00e8s aux contenus D\u00e9finition Soyez clair sur ce que vous entendez par la publication de contenu en libre acc\u00e8s. Si une barri\u00e8re mobile s&rsquo;applique pour d\u00e9terminer quand un contenu devient libre, il faut le pr\u00e9ciser. Si vous avez comme objectif de faire r\u00e9f\u00e9rencer votre revue dans le r\u00e9pertoire DOAJ, prenez en compte que cette [&hellip;]\" \/>\n<meta property=\"og:url\" content=\"https:\/\/revues.uqam.ca\/modele\/a-propos\/politique-editoriale\/libre-acces\/\" \/>\n<meta property=\"og:site_name\" content=\"Mod\u00e8le pour une revue savante\" \/>\n<meta property=\"article:modified_time\" content=\"2024-04-16T21:31:31+00:00\" \/>\n<meta property=\"og:image\" content=\"https:\/\/revues.uqam.ca\/modele\/wp-content\/uploads\/sites\/5\/2024\/04\/Logo-carre-NONOFFICIEL.png\" \/>\n\t<meta property=\"og:image:width\" content=\"360\" \/>\n\t<meta property=\"og:image:height\" content=\"360\" \/>\n\t<meta property=\"og:image:type\" content=\"image\/png\" \/>\n<meta name=\"twitter:card\" content=\"summary_large_image\" \/>\n<meta name=\"twitter:label1\" content=\"Estimation du temps de lecture\" \/>\n\t<meta name=\"twitter:data1\" content=\"8 minutes\" \/>\n<script type=\"application\/ld+json\" class=\"yoast-schema-graph\">{\"@context\":\"https:\/\/schema.org\",\"@graph\":[{\"@type\":\"WebPage\",\"@id\":\"https:\/\/revues.uqam.ca\/modele\/a-propos\/politique-editoriale\/libre-acces\/\",\"url\":\"https:\/\/revues.uqam.ca\/modele\/a-propos\/politique-editoriale\/libre-acces\/\",\"name\":\"Libre acc\u00e8s | Mod\u00e8le pour une revue savante\",\"isPartOf\":{\"@id\":\"https:\/\/revues.uqam.ca\/modele\/#website\"},\"datePublished\":\"2023-01-16T20:28:43+00:00\",\"dateModified\":\"2024-04-16T21:31:31+00:00\",\"breadcrumb\":{\"@id\":\"https:\/\/revues.uqam.ca\/modele\/a-propos\/politique-editoriale\/libre-acces\/#breadcrumb\"},\"inLanguage\":\"fr-CA\",\"potentialAction\":[{\"@type\":\"ReadAction\",\"target\":[\"https:\/\/revues.uqam.ca\/modele\/a-propos\/politique-editoriale\/libre-acces\/\"]}]},{\"@type\":\"BreadcrumbList\",\"@id\":\"https:\/\/revues.uqam.ca\/modele\/a-propos\/politique-editoriale\/libre-acces\/#breadcrumb\",\"itemListElement\":[{\"@type\":\"ListItem\",\"position\":1,\"name\":\"UQAM\",\"item\":\"https:\/\/uqam.ca\"},{\"@type\":\"ListItem\",\"position\":2,\"name\":\"Mod\u00e8le pour une revue savante\",\"item\":\"https:\/\/revues.uqam.ca\/modele\"},{\"@type\":\"ListItem\",\"position\":3,\"name\":\"\u00c0 propos\",\"item\":\"https:\/\/revues.uqam.ca\/modele\/a-propos\/\"},{\"@type\":\"ListItem\",\"position\":4,\"name\":\"Politiques \u00e9ditoriales\",\"item\":\"https:\/\/revues.uqam.ca\/modele\/a-propos\/politique-editoriale\/\"},{\"@type\":\"ListItem\",\"position\":5,\"name\":\"Libre acc\u00e8s\"}]},{\"@type\":\"WebSite\",\"@id\":\"https:\/\/revues.uqam.ca\/modele\/#website\",\"url\":\"https:\/\/revues.uqam.ca\/modele\/\",\"name\":\"Mod\u00e8le revue\",\"description\":\"\",\"alternateName\":\"Mod\u00e8le revue UQAM\",\"potentialAction\":[{\"@type\":\"SearchAction\",\"target\":{\"@type\":\"EntryPoint\",\"urlTemplate\":\"https:\/\/revues.uqam.ca\/modele\/recherche\/?q={search_term_string}\"},\"query-input\":\"required name=search_term_string\"}],\"inLanguage\":\"fr-CA\"}]}<\/script>\n<!-- \/ Yoast SEO plugin. -->","yoast_head_json":{"title":"Libre acc\u00e8s | Mod\u00e8le pour une revue savante","robots":{"index":"noindex","follow":"follow","max-snippet":"max-snippet:-1","max-image-preview":"max-image-preview:large","max-video-preview":"max-video-preview:-1"},"og_locale":"fr_CA","og_type":"article","og_title":"Libre acc\u00e8s | Mod\u00e8le pour une revue savante","og_description":"Type d&rsquo;acc\u00e8s aux contenus D\u00e9finition Soyez clair sur ce que vous entendez par la publication de contenu en libre acc\u00e8s. Si une barri\u00e8re mobile s&rsquo;applique pour d\u00e9terminer quand un contenu devient libre, il faut le pr\u00e9ciser. Si vous avez comme objectif de faire r\u00e9f\u00e9rencer votre revue dans le r\u00e9pertoire DOAJ, prenez en compte que cette [&hellip;]","og_url":"https:\/\/revues.uqam.ca\/modele\/a-propos\/politique-editoriale\/libre-acces\/","og_site_name":"Mod\u00e8le pour une revue savante","article_modified_time":"2024-04-16T21:31:31+00:00","og_image":[{"width":360,"height":360,"url":"https:\/\/revues.uqam.ca\/modele\/wp-content\/uploads\/sites\/5\/2024\/04\/Logo-carre-NONOFFICIEL.png","type":"image\/png"}],"twitter_card":"summary_large_image","twitter_misc":{"Estimation du temps de lecture":"8 minutes"},"schema":{"@context":"https:\/\/schema.org","@graph":[{"@type":"WebPage","@id":"https:\/\/revues.uqam.ca\/modele\/a-propos\/politique-editoriale\/libre-acces\/","url":"https:\/\/revues.uqam.ca\/modele\/a-propos\/politique-editoriale\/libre-acces\/","name":"Libre acc\u00e8s | Mod\u00e8le pour une revue savante","isPartOf":{"@id":"https:\/\/revues.uqam.ca\/modele\/#website"},"datePublished":"2023-01-16T20:28:43+00:00","dateModified":"2024-04-16T21:31:31+00:00","breadcrumb":{"@id":"https:\/\/revues.uqam.ca\/modele\/a-propos\/politique-editoriale\/libre-acces\/#breadcrumb"},"inLanguage":"fr-CA","potentialAction":[{"@type":"ReadAction","target":["https:\/\/revues.uqam.ca\/modele\/a-propos\/politique-editoriale\/libre-acces\/"]}]},{"@type":"BreadcrumbList","@id":"https:\/\/revues.uqam.ca\/modele\/a-propos\/politique-editoriale\/libre-acces\/#breadcrumb","itemListElement":[{"@type":"ListItem","position":1,"name":"UQAM","item":"https:\/\/uqam.ca"},{"@type":"ListItem","position":2,"name":"Mod\u00e8le pour une revue savante","item":"https:\/\/revues.uqam.ca\/modele"},{"@type":"ListItem","position":3,"name":"\u00c0 propos","item":"https:\/\/revues.uqam.ca\/modele\/a-propos\/"},{"@type":"ListItem","position":4,"name":"Politiques \u00e9ditoriales","item":"https:\/\/revues.uqam.ca\/modele\/a-propos\/politique-editoriale\/"},{"@type":"ListItem","position":5,"name":"Libre acc\u00e8s"}]},{"@type":"WebSite","@id":"https:\/\/revues.uqam.ca\/modele\/#website","url":"https:\/\/revues.uqam.ca\/modele\/","name":"Mod\u00e8le revue","description":"","alternateName":"Mod\u00e8le revue UQAM","potentialAction":[{"@type":"SearchAction","target":{"@type":"EntryPoint","urlTemplate":"https:\/\/revues.uqam.ca\/modele\/recherche\/?q={search_term_string}"},"query-input":"required name=search_term_string"}],"inLanguage":"fr-CA"}]}},"coauthors":[{"link":"https:\/\/revues.uqam.ca\/modele\/author\/laporte_jon\/","display_name":"Jonathan Laporte"}],"author_meta":{"author_link":"https:\/\/revues.uqam.ca\/modele\/author\/laporte_jon\/","display_name":"Jonathan Laporte"},"relative_dates":{"created":"Posted 3 ann\u00e9es ago","modified":"Updated 2 ann\u00e9es ago"},"absolute_dates":{"created":"Posted on 2023-01-16","modified":"Updated on 2024-04-16"},"absolute_dates_time":{"created":"Posted on 2023-01-16 15 h 28 min","modified":"Updated on 2024-04-16 21 h 31 min"},"featured_img_caption":"","featured_img":false,"series_order":"","_links":{"self":[{"href":"https:\/\/revues.uqam.ca\/modele\/wp-json\/wp\/v2\/pages\/86","targetHints":{"allow":["GET"]}}],"collection":[{"href":"https:\/\/revues.uqam.ca\/modele\/wp-json\/wp\/v2\/pages"}],"about":[{"href":"https:\/\/revues.uqam.ca\/modele\/wp-json\/wp\/v2\/types\/page"}],"author":[{"embeddable":true,"href":"https:\/\/revues.uqam.ca\/modele\/wp-json\/wp\/v2\/users\/1"}],"replies":[{"embeddable":true,"href":"https:\/\/revues.uqam.ca\/modele\/wp-json\/wp\/v2\/comments?post=86"}],"version-history":[{"count":8,"href":"https:\/\/revues.uqam.ca\/modele\/wp-json\/wp\/v2\/pages\/86\/revisions"}],"predecessor-version":[{"id":13677,"href":"https:\/\/revues.uqam.ca\/modele\/wp-json\/wp\/v2\/pages\/86\/revisions\/13677"}],"up":[{"embeddable":true,"href":"https:\/\/revues.uqam.ca\/modele\/wp-json\/wp\/v2\/pages\/15"}],"wp:attachment":[{"href":"https:\/\/revues.uqam.ca\/modele\/wp-json\/wp\/v2\/media?parent=86"}],"wp:term":[{"taxonomy":"category","embeddable":true,"href":"https:\/\/revues.uqam.ca\/modele\/wp-json\/wp\/v2\/categories?post=86"}],"curies":[{"name":"wp","href":"https:\/\/api.w.org\/{rel}","templated":true}]}}