{"id":82,"date":"2023-01-16T15:27:38","date_gmt":"2023-01-16T15:27:38","guid":{"rendered":"https:\/\/revues.dev.uqam.ca\/iref\/?page_id=82"},"modified":"2024-11-12T21:54:57","modified_gmt":"2024-11-12T21:54:57","slug":"ethique-de-publication","status":"publish","type":"page","link":"https:\/\/revues.uqam.ca\/modele\/a-propos\/politique-editoriale\/ethique-de-publication\/","title":{"rendered":"\u00c9thique de publication"},"content":{"rendered":"\n<ul class=\"wp-block-list\">\n<li><a href=\"#contribution\">Attribution incorrecte de l&rsquo;auteurit\u00e9 de l&rsquo;oeuvre ou des contributions<\/a><\/li>\n\n\n\n<li><a href=\"#recherche\">Conduite responsable en recherche<\/a><\/li>\n\n\n\n<li><a href=\"#int\u00e9r\u00eat\">Conflit d&rsquo;int\u00e9r\u00eat<\/a><\/li>\n\n\n\n<li><a href=\"#donn\u00e9es\">Manipulation ou alt\u00e9ration de donn\u00e9es<\/a><\/li>\n\n\n\n<li><a href=\"#autoplagiat\">Plagiat ou autoplagiat<\/a><\/li>\n\n\n\n<li><a href=\"#artificielle\">Recours \u00e0 l&rsquo;intelligence artificielle<\/a><\/li>\n\n\n\n<li><a href=\"#relectrice\">Utilisation non autoris\u00e9e d&rsquo;id\u00e9es ou de donn\u00e9es par une personne relectrice<\/a><\/li>\n<\/ul>\n\n\n\n<h2 class=\"wp-block-heading\" id=\"contribution\">Attribution incorrecte de l&rsquo;auteurit\u00e9 de l&rsquo;\u0153uvre ou des contributions<\/h2>\n\n\n\n<div class=\"wp-block-group has-very-light-gray-to-cyan-bluish-gray-gradient-background has-background\"><div class=\"wp-block-group__inner-container is-layout-constrained wp-block-group-is-layout-constrained\">\n<p>Dans la publication scientifique, le titre d&rsquo;autrice ou d&rsquo;auteur est r\u00e9serv\u00e9 aux personnes ayant contribu\u00e9 de mani\u00e8re substantielle au processus de recherche ou de la r\u00e9daction d&rsquo;un article et qui en acceptent la responsabilit\u00e9. Quatre crit\u00e8res sont g\u00e9n\u00e9ralement consid\u00e9r\u00e9s pour l&rsquo;attribution du titre de l&rsquo;autrice ou d&rsquo;auteur.&nbsp;<\/p>\n\n\n\n<p><strong>Quels sont les crit\u00e8res pour attribuer le titre d&rsquo;autrice ou d&rsquo;auteur ?<\/strong><\/p>\n\n\n\n<p>L&rsquo;International Committee of Medical Journal Editors (ICMJE) \u00e9tablit&nbsp;<strong>quatre crit\u00e8res sur lesquels \u00e9valuer l&rsquo;attribution du titre d&rsquo;autrice ou d&rsquo;auteur<\/strong>&nbsp;dans le cadre de la publication scientifique (2022, p.2). Ces crit\u00e8res sont largement reconnus dans le milieu acad\u00e9mique.<\/p>\n\n\n\n<ol class=\"wp-block-list\">\n<li>Avoir apport\u00e9 une contribution substantielle \u00e0 la conception ou au design de la recherche, \u00e0 l&rsquo;acquisition, l&rsquo;analyse ou l&rsquo;interpr\u00e9tation des donn\u00e9es;<\/li>\n\n\n\n<li>Avoir particip\u00e9 \u00e0 la r\u00e9daction ou \u00e0 la r\u00e9vision pour ces aspects les plus importants;<\/li>\n\n\n\n<li>Avoir approuv\u00e9 la version finale publi\u00e9e;<\/li>\n\n\n\n<li>Avoir accept\u00e9 la responsabilit\u00e9 de tous les aspects du travail.<\/li>\n<\/ol>\n\n\n\n<p><strong>Ces quatre crit\u00e8res doivent \u00eatre rencontr\u00e9s<\/strong>&nbsp;pour porter le titre d&rsquo;autrice ou d&rsquo;auteur. Si un des quatre crit\u00e8res n&rsquo;est pas rencontr\u00e9 par une personne, celle-ci ne devrait pas \u00eatre mentionn\u00e9e dans la liste des autrices et des auteurs. Elle pourrait toutefois \u00eatre mentionn\u00e9e dans une section de remerciements.<\/p>\n\n\n\n<p>Le titre d&rsquo;autrice ou d&rsquo;auteur n&rsquo;est pas r\u00e9serv\u00e9 aux personnes qui ont particip\u00e9 \u00e0 la r\u00e9daction, mais peut s&rsquo;appliquer \u00e0 toutes les personnes qui ont jou\u00e9 un r\u00f4le important dans les aspects d&rsquo;un projet de recherche.<\/p>\n<\/div><\/div>\n\n\n\n<p>Aenean nunc nisl, rhoncus et neque non, mattis aliquet nisl. Mauris egestas scelerisque nisl non tempus. Nulla elit massa, auctor id placerat et, imperdiet ut massa. Etiam aliquam blandit eros, id fermentum nulla fringilla ut. Cras rhoncus ultricies ligula, non feugiat diam fermentum ac. Nullam hendrerit augue ligula, at aliquet tellus pretium sed. Nullam suscipit semper efficitur.<\/p>\n\n\n\n<h2 class=\"wp-block-heading\" id=\"recherche\">Conduite responsable en recherche<\/h2>\n\n\n\n<p class=\"has-very-light-gray-to-cyan-bluish-gray-gradient-background has-background\">La conduite responsable en recherche renvoie aux comportements attendus des diff\u00e9rents acteurs de la communaut\u00e9 scientifique. \u00c0 ce sujet, les Fonds de recherche du Qu\u00e9bec (FRQ) ont produit une <a href=\"https:\/\/frq.gouv.qc.ca\/politique-sur-la-conduite-responsable-en-recherche\/?preview=true\">Politique sur la conduite responsable en recherche <\/a>qui \u00e9nonce les meilleures pratiques, d\u00e9finit les manquements et sp\u00e9cifie les param\u00e8tres \u00e0 respecter en cas de manquement. (FRQ, 2024)<\/p>\n\n\n\n<p>Aenean nunc nisl, rhoncus et neque non, mattis aliquet nisl. Mauris egestas scelerisque nisl non tempus. Nulla elit massa, auctor id placerat et, imperdiet ut massa. Etiam aliquam blandit eros, id fermentum nulla fringilla ut. Cras rhoncus ultricies ligula, non feugiat diam fermentum ac. Nullam hendrerit augue ligula, at aliquet tellus pretium sed. Nullam suscipit semper efficitur.<\/p>\n\n\n\n<h2 class=\"wp-block-heading\" id=\"int\u00e9r\u00eat\">Conflit d&rsquo;int\u00e9r\u00eat<\/h2>\n\n\n\n<div class=\"wp-block-group\"><div class=\"wp-block-group__inner-container is-layout-constrained wp-block-group-is-layout-constrained\">\n<div class=\"wp-block-group has-very-light-gray-to-cyan-bluish-gray-gradient-background has-background\"><div class=\"wp-block-group__inner-container is-layout-constrained wp-block-group-is-layout-constrained\">\n<p>Un conflit d&rsquo;int\u00e9r\u00eat intervient lorsque la responsabilit\u00e9 officielle d&rsquo;un individu entre en conflit avec ses int\u00e9r\u00eats personnels. En recherche, on parle d&rsquo;un conflits d&rsquo;int\u00e9r\u00eats lorsque ceux-ci sont une menace pour l&rsquo;objectivit\u00e9 de la recherche, pour la libre circulation de la connaissance scientifique et pour l&rsquo;\u00e9thos universitaire. (Gingras, 2000)<\/p>\n\n\n\n<p>Dans le domaine de l&rsquo;\u00e9dition scientifique, les responsables sont encourag\u00e9s \u00e0 r\u00e9diger des d\u00e9finitions claires des conflits d&rsquo;int\u00e9r\u00eats qui peuvent survenir, et des processus mis en place pour les g\u00e9rer, que ce soit pour les auteurs, les r\u00e9viseurs ou les \u00e9diteurs .<\/p>\n\n\n\n<p>Ci-joint un <a href=\"https:\/\/publicationethics.org\/sites\/default\/files\/French%20%281%29.pdf\">outil<\/a> qui peut vous inspirer vos r\u00e9flexion et vous accompagner dans la r\u00e9daction de vos diverses politiques \u00e9thiques. <\/p>\n\n\n\n<p>R\u00e9f\u00e9rence: Gingras, Yves;&nbsp;Malissard, Pierrick&nbsp;et&nbsp;Auger, Jean-Fran\u00e7ois&nbsp;(2000).&nbsp;<a href=\"http:\/\/archipel.uqam.ca\/526\/\">\u00ab Les conditions d&rsquo;\u00e9mergence des \u00abconflits d&rsquo;int\u00e9r\u00eats\u00bb dans le champ universitaire \u00bb<\/a>.&nbsp;<em>\u00c9thique publique<\/em>, 2(2), pp. 126-137.<\/p>\n<\/div><\/div>\n<\/div><\/div>\n\n\n\n<p>Aenean nunc nisl, rhoncus et neque non, mattis aliquet nisl. Mauris egestas scelerisque nisl non tempus. Nulla elit massa, auctor id placerat et, imperdiet ut massa. Etiam aliquam blandit eros, id fermentum nulla fringilla ut. Cras rhoncus ultricies ligula, non feugiat diam fermentum ac. Nullam hendrerit augue ligula, at aliquet tellus pretium sed. Nullam suscipit semper efficitur.<\/p>\n\n\n\n<h2 class=\"wp-block-heading\" id=\"donn\u00e9es\">Manipulation ou alt\u00e9ration de donn\u00e9es<\/h2>\n\n\n\n<div class=\"wp-block-group has-very-light-gray-to-cyan-bluish-gray-gradient-background has-background\"><div class=\"wp-block-group__inner-container is-layout-constrained wp-block-group-is-layout-constrained\">\n<p>Les revues devraient inclure une politique sur l&rsquo;accessibilit\u00e9 des donn\u00e9es publi\u00e9es dans leurs articles. Les personnes autrices doivent \u00eatre sensibilis\u00e9es aux diverses formes de fraudes. Elles doivent pr\u00e9senter leurs r\u00e9sultats clairement et s&rsquo;assurer de bien d\u00e9crire leur m\u00e9thode pour que leurs r\u00e9sultats puissent \u00eatre confirm\u00e9s par d&rsquo;autres.  Lorsque les donn\u00e9es sont pr\u00e9sent\u00e9es sous formes d&rsquo;images, celles-ci doivent illustrer fid\u00e8lement les donn\u00e9es originales. <\/p>\n<\/div><\/div>\n\n\n\n<p>Aenean nunc nisl, rhoncus et neque non, mattis aliquet nisl. Mauris egestas scelerisque nisl non tempus. Nulla elit massa, auctor id placerat et, imperdiet ut massa. Etiam aliquam blandit eros, id fermentum nulla fringilla ut. Cras rhoncus ultricies ligula, non feugiat diam fermentum ac. Nullam hendrerit augue ligula, at aliquet tellus pretium sed. Nullam suscipit semper efficitur.<\/p>\n\n\n\n<h2 class=\"wp-block-heading\" id=\"autoplagiat\">Plagiat ou autoplagiat<\/h2>\n\n\n\n<div class=\"wp-block-group has-very-light-gray-to-cyan-bluish-gray-gradient-background has-background\"><div class=\"wp-block-group__inner-container is-layout-constrained wp-block-group-is-layout-constrained\">\n<p>Le contenu est enti\u00e8rement original. Le manuscrit n&rsquo;est pas soumis simultan\u00e9ment \u00e0 plusieurs revues. La m\u00eame recherche ne fait pas l&rsquo;objet de plus d&rsquo;une publication. Les id\u00e9es et les r\u00e9sultats de recherches en provenance du travail d&rsquo;autrui doivent \u00eatre ad\u00e9quatement cit\u00e9s. Lorsque requis, la permission du titulaire du droit d&rsquo;auteur est obtenue. L&rsquo;auto-plagiat ou recyclage de texte : Si une portion de texte d\u00e9j\u00e0 publi\u00e9 se justifie d\u2019\u00eatre r\u00e9cup\u00e9r\u00e9e pour le manuscrit soumis (ex.&nbsp;: section m\u00e9thodologie qui n\u2019a pas chang\u00e9), l\u2019article ayant ant\u00e9rieurement publi\u00e9 ce contenu doit \u00eatre cit\u00e9. L\u2019omission de tout recyclage de texte sans citation n\u2019est pas accept\u00e9e.<\/p>\n<\/div><\/div>\n\n\n\n<ul class=\"wp-block-list\">\n<li><a href=\"https:\/\/publicationethics.org\/sites\/default\/files\/French%20%281%29.pdf\">Que faire si vous suspectez une publication redondante (ou double)<\/a> (COPE, p. 1-2)<\/li>\n\n\n\n<li><a href=\"https:\/\/publicationethics.org\/sites\/default\/files\/French%20%281%29.pdf\">Que faire si vous suspectez un plagiat<\/a> (COPE, p. 3-4)<\/li>\n<\/ul>\n\n\n\n<p>Aenean nunc nisl, rhoncus et neque non, mattis aliquet nisl. Mauris egestas scelerisque nisl non tempus. Nulla elit massa, auctor id placerat et, imperdiet ut massa. Etiam aliquam blandit eros, id fermentum nulla fringilla ut. Cras rhoncus ultricies ligula, non feugiat diam fermentum ac. Nullam hendrerit augue ligula, at aliquet tellus pretium sed. Nullam suscipit semper efficitur.<\/p>\n\n\n\n<h2 class=\"wp-block-heading\" id=\"artificielle\">Recours \u00e0 l&rsquo;intelligence artificielle<\/h2>\n\n\n\n<div class=\"wp-block-group has-very-light-gray-to-cyan-bluish-gray-gradient-background has-background\"><div class=\"wp-block-group__inner-container is-layout-constrained wp-block-group-is-layout-constrained\">\n<p>L\u2019utilisation d\u2019un outil d\u2019intelligence artificielle g\u00e9n\u00e8re des paraphrases puisque ce dernier puise dans son corpus d\u2019entra\u00eenement pour produire du texte. L\u2019outil ne mentionnant pas ses sources, il en revient \u00e0 l\u2019autrice ou \u00e0 l\u2019auteur de faire cette v\u00e9rification.<\/p>\n\n\n\n<p>Dans son entente de publication, la Revue d\u2019\u00e9tudes autochtones mentionne : \u00ab L\u2019Auteur d\u00e9clare \u00e9galement qu&rsquo;il a pris toutes les mesures n\u00e9cessaires en vue d\u2019assurer le respect des droits des\u202ftiers\u202fet\u202fle respect de la politique\u202f\u00e9ditoriale de la Revue advenant\u202fl\u2019utilisation de l\u2019intelligence artificielle. \u00bb. Les auteurs deviennent ainsi imputables du respect des droits d&rsquo;auteur des tiers (ou a minima ses droits moraux \u2013 i.e. attribution, r\u00e9putation &#8211;qui ne sont jamais c\u00e9d\u00e9s d\u2019office avec une cession de droits d\u2019auteur), ce qui encourage un usage \u00e9thique de l\u2019IA.<\/p>\n\n\n\n<p>Dans votre texte, pr\u00e9cisez si un outil comme ChatGPT :<\/p>\n\n\n\n<ul class=\"wp-block-list\">\n<li>est accept\u00e9 ou non comme auteur ou coauteur<\/li>\n\n\n\n<li>doit \u00eatre mentionn\u00e9 dans la m\u00e9thodologie et si l&rsquo;accord de l&rsquo;\u00e9diteur doit \u00eatre obtenu pour \u00e9tablir la recevabilit\u00e9 d&rsquo;un tel manuscrit<\/li>\n<\/ul>\n<\/div><\/div>\n\n\n\n<ul class=\"wp-block-list\">\n<li><a href=\"https:\/\/publicationethics.org\/cope-position-statements\/ai-author\">Authorship and AI tools<\/a><br>COPE<\/li>\n\n\n\n<li><a href=\"https:\/\/publicationethics.org\/news\/artificial-intelligence-and-authorship\">Artificial intelligence and authorship<\/a><br>COPE<\/li>\n\n\n\n<li><a href=\"https:\/\/publicationethics.org\/resources\/forum-discussions\/artificial-intelligence-fake-paper\">Artificial intelligence (AI) and fake papers<\/a><br>COPE<\/li>\n\n\n\n<li><a href=\"https:\/\/www.nature.com\/nature-portfolio\/editorial-policies\/ai\">Artificial intelligence (AI)<\/a><br>Politique \u00e9ditorial de Nature<\/li>\n<\/ul>\n\n\n\n<p>Aenean nunc nisl, rhoncus et neque non, mattis aliquet nisl. Mauris egestas scelerisque nisl non tempus. Nulla elit massa, auctor id placerat et, imperdiet ut massa. Etiam aliquam blandit eros, id fermentum nulla fringilla ut. Cras rhoncus ultricies ligula, non feugiat diam fermentum ac. Nullam hendrerit augue ligula, at aliquet tellus pretium sed. Nullam suscipit semper efficitur.<\/p>\n\n\n\n<h2 class=\"wp-block-heading\" id=\"relectrice\">Utilisation non autoris\u00e9e d&rsquo;id\u00e9es ou de donn\u00e9es par une personne relectrice<\/h2>\n\n\n\n<div class=\"wp-block-group\"><div class=\"wp-block-group__inner-container is-layout-constrained wp-block-group-is-layout-constrained\">\n<div class=\"wp-block-group has-very-light-gray-to-cyan-bluish-gray-gradient-background has-background\"><div class=\"wp-block-group__inner-container is-layout-constrained wp-block-group-is-layout-constrained\">\n<p>Les personnes lectrices ou \u00e9valuatrices sont amen\u00e9es \u00e0 lire du contenu scientifique exclusif. Elles doivent le faire avec la plus grande consid\u00e9ration pour le travail de leurs pairs en se conformant aux plus hauts standards de respect de la propri\u00e9t\u00e9 intellectuelle. <\/p>\n<\/div><\/div>\n<\/div><\/div>\n\n\n\n<p>Aenean nunc nisl, rhoncus et neque non, mattis aliquet nisl. Mauris egestas scelerisque nisl non tempus. Nulla elit massa, auctor id placerat et, imperdiet ut massa. Etiam aliquam blandit eros, id fermentum nulla fringilla ut. Cras rhoncus ultricies ligula, non feugiat diam fermentum ac. Nullam hendrerit augue ligula, at aliquet tellus pretium sed. Nullam suscipit semper efficitur.<\/p>\n","protected":false},"excerpt":{"rendered":"<p>Attribution incorrecte de l&rsquo;auteurit\u00e9 de l&rsquo;\u0153uvre ou des contributions Dans la publication scientifique, le titre d&rsquo;autrice ou d&rsquo;auteur est r\u00e9serv\u00e9 aux personnes ayant contribu\u00e9 de mani\u00e8re substantielle au processus de recherche ou de la r\u00e9daction d&rsquo;un article et qui en acceptent la responsabilit\u00e9. Quatre crit\u00e8res sont g\u00e9n\u00e9ralement consid\u00e9r\u00e9s pour l&rsquo;attribution du titre de l&rsquo;autrice ou [&hellip;]<\/p>\n","protected":false},"author":1,"featured_media":0,"parent":15,"menu_order":2,"comment_status":"closed","ping_status":"closed","template":"","meta":{"_acf_changed":false,"advgb_blocks_editor_width":"","advgb_blocks_columns_visual_guide":"","footnotes":""},"categories":[],"class_list":["post-82","page","type-page","status-publish","hentry"],"acf":[],"yoast_head":"<!-- This site is optimized with the Yoast SEO plugin v22.1 - https:\/\/yoast.com\/wordpress\/plugins\/seo\/ -->\n<title>\u00c9thique de publication | Mod\u00e8le pour une revue savante<\/title>\n<meta name=\"robots\" content=\"noindex, follow, max-snippet:-1, max-image-preview:large, max-video-preview:-1\" \/>\n<meta property=\"og:locale\" content=\"fr_CA\" \/>\n<meta property=\"og:type\" content=\"article\" \/>\n<meta property=\"og:title\" content=\"\u00c9thique de publication | Mod\u00e8le pour une revue savante\" \/>\n<meta property=\"og:description\" content=\"Attribution incorrecte de l&rsquo;auteurit\u00e9 de l&rsquo;\u0153uvre ou des contributions Dans la publication scientifique, le titre d&rsquo;autrice ou d&rsquo;auteur est r\u00e9serv\u00e9 aux personnes ayant contribu\u00e9 de mani\u00e8re substantielle au processus de recherche ou de la r\u00e9daction d&rsquo;un article et qui en acceptent la responsabilit\u00e9. Quatre crit\u00e8res sont g\u00e9n\u00e9ralement consid\u00e9r\u00e9s pour l&rsquo;attribution du titre de l&rsquo;autrice ou [&hellip;]\" \/>\n<meta property=\"og:url\" content=\"https:\/\/revues.uqam.ca\/modele\/a-propos\/politique-editoriale\/ethique-de-publication\/\" \/>\n<meta property=\"og:site_name\" content=\"Mod\u00e8le pour une revue savante\" \/>\n<meta property=\"article:modified_time\" content=\"2024-11-12T21:54:57+00:00\" \/>\n<meta property=\"og:image\" content=\"https:\/\/revues.uqam.ca\/modele\/wp-content\/uploads\/sites\/5\/2024\/04\/Logo-carre-NONOFFICIEL.png\" \/>\n\t<meta property=\"og:image:width\" content=\"360\" \/>\n\t<meta property=\"og:image:height\" content=\"360\" \/>\n\t<meta property=\"og:image:type\" content=\"image\/png\" \/>\n<meta name=\"twitter:card\" content=\"summary_large_image\" \/>\n<meta name=\"twitter:label1\" content=\"Estimation du temps de lecture\" \/>\n\t<meta name=\"twitter:data1\" content=\"7 minutes\" \/>\n<script type=\"application\/ld+json\" class=\"yoast-schema-graph\">{\"@context\":\"https:\/\/schema.org\",\"@graph\":[{\"@type\":\"WebPage\",\"@id\":\"https:\/\/revues.uqam.ca\/modele\/a-propos\/politique-editoriale\/ethique-de-publication\/\",\"url\":\"https:\/\/revues.uqam.ca\/modele\/a-propos\/politique-editoriale\/ethique-de-publication\/\",\"name\":\"\u00c9thique de publication | Mod\u00e8le pour une revue savante\",\"isPartOf\":{\"@id\":\"https:\/\/revues.uqam.ca\/modele\/#website\"},\"datePublished\":\"2023-01-16T15:27:38+00:00\",\"dateModified\":\"2024-11-12T21:54:57+00:00\",\"breadcrumb\":{\"@id\":\"https:\/\/revues.uqam.ca\/modele\/a-propos\/politique-editoriale\/ethique-de-publication\/#breadcrumb\"},\"inLanguage\":\"fr-CA\",\"potentialAction\":[{\"@type\":\"ReadAction\",\"target\":[\"https:\/\/revues.uqam.ca\/modele\/a-propos\/politique-editoriale\/ethique-de-publication\/\"]}]},{\"@type\":\"BreadcrumbList\",\"@id\":\"https:\/\/revues.uqam.ca\/modele\/a-propos\/politique-editoriale\/ethique-de-publication\/#breadcrumb\",\"itemListElement\":[{\"@type\":\"ListItem\",\"position\":1,\"name\":\"UQAM\",\"item\":\"https:\/\/uqam.ca\"},{\"@type\":\"ListItem\",\"position\":2,\"name\":\"Mod\u00e8le pour une revue savante\",\"item\":\"https:\/\/revues.uqam.ca\/modele\"},{\"@type\":\"ListItem\",\"position\":3,\"name\":\"\u00c0 propos\",\"item\":\"https:\/\/revues.uqam.ca\/modele\/a-propos\/\"},{\"@type\":\"ListItem\",\"position\":4,\"name\":\"Politiques \u00e9ditoriales\",\"item\":\"https:\/\/revues.uqam.ca\/modele\/a-propos\/politique-editoriale\/\"},{\"@type\":\"ListItem\",\"position\":5,\"name\":\"\u00c9thique de publication\"}]},{\"@type\":\"WebSite\",\"@id\":\"https:\/\/revues.uqam.ca\/modele\/#website\",\"url\":\"https:\/\/revues.uqam.ca\/modele\/\",\"name\":\"Mod\u00e8le revue\",\"description\":\"\",\"alternateName\":\"Mod\u00e8le revue UQAM\",\"potentialAction\":[{\"@type\":\"SearchAction\",\"target\":{\"@type\":\"EntryPoint\",\"urlTemplate\":\"https:\/\/revues.uqam.ca\/modele\/recherche\/?q={search_term_string}\"},\"query-input\":\"required name=search_term_string\"}],\"inLanguage\":\"fr-CA\"}]}<\/script>\n<!-- \/ Yoast SEO plugin. -->","yoast_head_json":{"title":"\u00c9thique de publication | Mod\u00e8le pour une revue savante","robots":{"index":"noindex","follow":"follow","max-snippet":"max-snippet:-1","max-image-preview":"max-image-preview:large","max-video-preview":"max-video-preview:-1"},"og_locale":"fr_CA","og_type":"article","og_title":"\u00c9thique de publication | Mod\u00e8le pour une revue savante","og_description":"Attribution incorrecte de l&rsquo;auteurit\u00e9 de l&rsquo;\u0153uvre ou des contributions Dans la publication scientifique, le titre d&rsquo;autrice ou d&rsquo;auteur est r\u00e9serv\u00e9 aux personnes ayant contribu\u00e9 de mani\u00e8re substantielle au processus de recherche ou de la r\u00e9daction d&rsquo;un article et qui en acceptent la responsabilit\u00e9. Quatre crit\u00e8res sont g\u00e9n\u00e9ralement consid\u00e9r\u00e9s pour l&rsquo;attribution du titre de l&rsquo;autrice ou [&hellip;]","og_url":"https:\/\/revues.uqam.ca\/modele\/a-propos\/politique-editoriale\/ethique-de-publication\/","og_site_name":"Mod\u00e8le pour une revue savante","article_modified_time":"2024-11-12T21:54:57+00:00","og_image":[{"width":360,"height":360,"url":"https:\/\/revues.uqam.ca\/modele\/wp-content\/uploads\/sites\/5\/2024\/04\/Logo-carre-NONOFFICIEL.png","type":"image\/png"}],"twitter_card":"summary_large_image","twitter_misc":{"Estimation du temps de lecture":"7 minutes"},"schema":{"@context":"https:\/\/schema.org","@graph":[{"@type":"WebPage","@id":"https:\/\/revues.uqam.ca\/modele\/a-propos\/politique-editoriale\/ethique-de-publication\/","url":"https:\/\/revues.uqam.ca\/modele\/a-propos\/politique-editoriale\/ethique-de-publication\/","name":"\u00c9thique de publication | Mod\u00e8le pour une revue savante","isPartOf":{"@id":"https:\/\/revues.uqam.ca\/modele\/#website"},"datePublished":"2023-01-16T15:27:38+00:00","dateModified":"2024-11-12T21:54:57+00:00","breadcrumb":{"@id":"https:\/\/revues.uqam.ca\/modele\/a-propos\/politique-editoriale\/ethique-de-publication\/#breadcrumb"},"inLanguage":"fr-CA","potentialAction":[{"@type":"ReadAction","target":["https:\/\/revues.uqam.ca\/modele\/a-propos\/politique-editoriale\/ethique-de-publication\/"]}]},{"@type":"BreadcrumbList","@id":"https:\/\/revues.uqam.ca\/modele\/a-propos\/politique-editoriale\/ethique-de-publication\/#breadcrumb","itemListElement":[{"@type":"ListItem","position":1,"name":"UQAM","item":"https:\/\/uqam.ca"},{"@type":"ListItem","position":2,"name":"Mod\u00e8le pour une revue savante","item":"https:\/\/revues.uqam.ca\/modele"},{"@type":"ListItem","position":3,"name":"\u00c0 propos","item":"https:\/\/revues.uqam.ca\/modele\/a-propos\/"},{"@type":"ListItem","position":4,"name":"Politiques \u00e9ditoriales","item":"https:\/\/revues.uqam.ca\/modele\/a-propos\/politique-editoriale\/"},{"@type":"ListItem","position":5,"name":"\u00c9thique de publication"}]},{"@type":"WebSite","@id":"https:\/\/revues.uqam.ca\/modele\/#website","url":"https:\/\/revues.uqam.ca\/modele\/","name":"Mod\u00e8le revue","description":"","alternateName":"Mod\u00e8le revue UQAM","potentialAction":[{"@type":"SearchAction","target":{"@type":"EntryPoint","urlTemplate":"https:\/\/revues.uqam.ca\/modele\/recherche\/?q={search_term_string}"},"query-input":"required name=search_term_string"}],"inLanguage":"fr-CA"}]}},"coauthors":[{"link":"https:\/\/revues.uqam.ca\/modele\/author\/laporte_jon\/","display_name":"Jonathan Laporte"}],"author_meta":{"author_link":"https:\/\/revues.uqam.ca\/modele\/author\/laporte_jon\/","display_name":"Jonathan Laporte"},"relative_dates":{"created":"Posted 3 ann\u00e9es ago","modified":"Updated 1 ann\u00e9e ago"},"absolute_dates":{"created":"Posted on 2023-01-16","modified":"Updated on 2024-11-12"},"absolute_dates_time":{"created":"Posted on 2023-01-16 15 h 27 min","modified":"Updated on 2024-11-12 21 h 54 min"},"featured_img_caption":"","featured_img":false,"series_order":"","_links":{"self":[{"href":"https:\/\/revues.uqam.ca\/modele\/wp-json\/wp\/v2\/pages\/82","targetHints":{"allow":["GET"]}}],"collection":[{"href":"https:\/\/revues.uqam.ca\/modele\/wp-json\/wp\/v2\/pages"}],"about":[{"href":"https:\/\/revues.uqam.ca\/modele\/wp-json\/wp\/v2\/types\/page"}],"author":[{"embeddable":true,"href":"https:\/\/revues.uqam.ca\/modele\/wp-json\/wp\/v2\/users\/1"}],"replies":[{"embeddable":true,"href":"https:\/\/revues.uqam.ca\/modele\/wp-json\/wp\/v2\/comments?post=82"}],"version-history":[{"count":48,"href":"https:\/\/revues.uqam.ca\/modele\/wp-json\/wp\/v2\/pages\/82\/revisions"}],"predecessor-version":[{"id":14382,"href":"https:\/\/revues.uqam.ca\/modele\/wp-json\/wp\/v2\/pages\/82\/revisions\/14382"}],"up":[{"embeddable":true,"href":"https:\/\/revues.uqam.ca\/modele\/wp-json\/wp\/v2\/pages\/15"}],"wp:attachment":[{"href":"https:\/\/revues.uqam.ca\/modele\/wp-json\/wp\/v2\/media?parent=82"}],"wp:term":[{"taxonomy":"category","embeddable":true,"href":"https:\/\/revues.uqam.ca\/modele\/wp-json\/wp\/v2\/categories?post=82"}],"curies":[{"name":"wp","href":"https:\/\/api.w.org\/{rel}","templated":true}]}}