{"id":15,"date":"2023-01-09T12:04:37","date_gmt":"2023-01-09T17:04:37","guid":{"rendered":"https:\/\/revues.dev.uqam.ca\/iref\/?page_id=15"},"modified":"2024-09-24T15:27:40","modified_gmt":"2024-09-24T15:27:40","slug":"politique-editoriale","status":"publish","type":"page","link":"https:\/\/revues.uqam.ca\/modele\/a-propos\/politique-editoriale\/","title":{"rendered":"Politiques \u00e9ditoriales"},"content":{"rendered":"\n<div class=\"wp-block-group has-very-light-gray-to-cyan-bluish-gray-gradient-background has-background\"><div class=\"wp-block-group__inner-container is-layout-constrained wp-block-group-is-layout-constrained\">\n<p><strong>Avant le lancement de votre revue<\/strong><\/p>\n\n\n\n<p>Voici une liste de questions et de r\u00e9flexions pour guider les \u00e9quipes \u00e9ditoriales afin de  faciliter le travail de mise en \u0153uvre d&rsquo;une revue. Si ces questions sont trait\u00e9es en amont, cela facilitera le d\u00e9veloppement et la p\u00e9rennit\u00e9 de votre revue. <\/p>\n\n\n\n<ul class=\"wp-block-list\">\n<li>En quoi votre revue se distingue des autres revues dans votre domaine?<\/li>\n\n\n\n<li>Quel est le titre de votre revue? Allez-vous pr\u00e9voir une abr\u00e9viation ?<\/li>\n\n\n\n<li>Pr\u00e9voyez-vous attribuer un nom de domaine personnaliser?<\/li>\n\n\n\n<li>Avez-vous bien articuler la vis\u00e9e de votre revue avec ses objectifs?<\/li>\n\n\n\n<li>Avez-vous bien d\u00e9terminer votre public cible?<\/li>\n\n\n\n<li>Pensez-vous utiliser la plateforme Open Journal System  (OJS) pour faciliter le flux \u00e9ditorial ?<\/li>\n\n\n\n<li>Est-ce que votre \u00e9quipe \u00e9ditoriale est constitu\u00e9e ?<\/li>\n\n\n\n<li>Avez-vous bien r\u00e9fl\u00e9chi \u00e0 la mani\u00e8re de pr\u00e9server vos contenus?<\/li>\n\n\n\n<li>Une d\u00e9cision \u00e0 \u00e9t\u00e9 prises quant aux formats que vous  acceptez ?<\/li>\n\n\n\n<li>Une r\u00e9flexion sur la structure et les diff\u00e9rentes sections de votre revue a-t-elle \u00e9t\u00e9 men\u00e9e?<\/li>\n\n\n\n<li>Une guide de soumission destin\u00e9 aux auteurs a-t-il \u00e9t\u00e9 cr\u00e9\u00e9?<\/li>\n\n\n\n<li>Quelle sera votre politique sur le libre acc\u00e8s?<\/li>\n\n\n\n<li>Avez-vous r\u00e9fl\u00e9chi aux politiques \u00e9thiques de votre revue?<\/li>\n\n\n\n<li>Pr\u00e9voyez-vous une section sur le droit d&rsquo;auteur et sur les licences?<\/li>\n\n\n\n<li>Avez-vous un plan de financement ? Un budget de fonctionnement ?<\/li>\n\n\n\n<li>Pensez-vous conformez aux standards internationaux en mati\u00e8re de libre acc\u00e8s?<\/li>\n\n\n\n<li>Quelle sera la fr\u00e9quence de publication de votre revue?<\/li>\n\n\n\n<li>Dans quelles bases de donn\u00e9es voulez vous \u00eatre r\u00e9f\u00e9renc\u00e9es?<\/li>\n\n\n\n<li>Allez-vous pr\u00e9voir des politiques concernant l&rsquo;\u00e9quit\u00e9, la diversit\u00e9, l&rsquo;inclusion et l&rsquo;acc\u00e8s?<\/li>\n\n\n\n<li>Aimeriez-vous avoir des donn\u00e9es bibliom\u00e9triques?<\/li>\n<\/ul>\n<\/div><\/div>\n\n\n\n<p><strong>Apr\u00e8s la publication du premier num\u00e9ro<\/strong><\/p>\n\n\n\n<ul class=\"wp-block-list\">\n<li>Assurez-vous d&rsquo;avoir un ISSN ;<\/li>\n\n\n\n<li>Faites les d\u00e9marches afin de pouvoir fournir un DOI pour chaque article publi\u00e9 dans votre revue;<\/li>\n\n\n\n<li>Renseignez-vous aupr\u00e8s d&rsquo;\u00c9rudit pour pouvoir b\u00e9n\u00e9ficier des services de :\n<ul class=\"wp-block-list\">\n<li>Production num\u00e9rique<\/li>\n\n\n\n<li>H\u00e9bergement<\/li>\n\n\n\n<li>Diffusion<\/li>\n\n\n\n<li>Pr\u00e9servation <\/li>\n<\/ul>\n<\/li>\n<\/ul>\n\n\n\n<ul class=\"wp-block-list\">\n<li><a href=\"https:\/\/docs.pkp.sfu.ca\/journal-policies-workflows\/en\/\">Journal policies and workflows<\/a><br>PKP<\/li>\n<\/ul>\n\n\n\n\n\n\n\n\n\n\n\n\n\n\n\n\n\n\n","protected":false},"excerpt":{"rendered":"<p>Avant le lancement de votre revue Voici une liste de questions et de r\u00e9flexions pour guider les \u00e9quipes \u00e9ditoriales afin de faciliter le travail de mise en \u0153uvre d&rsquo;une revue. Si ces questions sont trait\u00e9es en amont, cela facilitera le d\u00e9veloppement et la p\u00e9rennit\u00e9 de votre revue. Apr\u00e8s la publication du premier num\u00e9ro<\/p>\n","protected":false},"author":1,"featured_media":0,"parent":18,"menu_order":4,"comment_status":"closed","ping_status":"closed","template":"","meta":{"_acf_changed":false,"advgb_blocks_editor_width":"","advgb_blocks_columns_visual_guide":"","footnotes":""},"categories":[],"class_list":["post-15","page","type-page","status-publish","hentry"],"acf":[],"yoast_head":"<!-- This site is optimized with the Yoast SEO plugin v22.1 - https:\/\/yoast.com\/wordpress\/plugins\/seo\/ -->\n<title>Politiques \u00e9ditoriales | Mod\u00e8le pour une revue savante<\/title>\n<meta name=\"robots\" content=\"noindex, follow, max-snippet:-1, max-image-preview:large, max-video-preview:-1\" \/>\n<meta property=\"og:locale\" content=\"fr_CA\" \/>\n<meta property=\"og:type\" content=\"article\" \/>\n<meta property=\"og:title\" content=\"Politiques \u00e9ditoriales | Mod\u00e8le pour une revue savante\" \/>\n<meta property=\"og:description\" content=\"Avant le lancement de votre revue Voici une liste de questions et de r\u00e9flexions pour guider les \u00e9quipes \u00e9ditoriales afin de faciliter le travail de mise en \u0153uvre d&rsquo;une revue. Si ces questions sont trait\u00e9es en amont, cela facilitera le d\u00e9veloppement et la p\u00e9rennit\u00e9 de votre revue. Apr\u00e8s la publication du premier num\u00e9ro\" \/>\n<meta property=\"og:url\" content=\"https:\/\/revues.uqam.ca\/modele\/a-propos\/politique-editoriale\/\" \/>\n<meta property=\"og:site_name\" content=\"Mod\u00e8le pour une revue savante\" \/>\n<meta property=\"article:modified_time\" content=\"2024-09-24T15:27:40+00:00\" \/>\n<meta property=\"og:image\" content=\"https:\/\/revues.uqam.ca\/modele\/wp-content\/uploads\/sites\/5\/2024\/04\/Logo-carre-NONOFFICIEL.png\" \/>\n\t<meta property=\"og:image:width\" content=\"360\" \/>\n\t<meta property=\"og:image:height\" content=\"360\" \/>\n\t<meta property=\"og:image:type\" content=\"image\/png\" \/>\n<meta name=\"twitter:card\" content=\"summary_large_image\" \/>\n<meta name=\"twitter:label1\" content=\"Estimation du temps de lecture\" \/>\n\t<meta name=\"twitter:data1\" content=\"2 minutes\" \/>\n<script type=\"application\/ld+json\" class=\"yoast-schema-graph\">{\"@context\":\"https:\/\/schema.org\",\"@graph\":[{\"@type\":\"WebPage\",\"@id\":\"https:\/\/revues.uqam.ca\/modele\/a-propos\/politique-editoriale\/\",\"url\":\"https:\/\/revues.uqam.ca\/modele\/a-propos\/politique-editoriale\/\",\"name\":\"Politiques \u00e9ditoriales | Mod\u00e8le pour une revue savante\",\"isPartOf\":{\"@id\":\"https:\/\/revues.uqam.ca\/modele\/#website\"},\"datePublished\":\"2023-01-09T17:04:37+00:00\",\"dateModified\":\"2024-09-24T15:27:40+00:00\",\"breadcrumb\":{\"@id\":\"https:\/\/revues.uqam.ca\/modele\/a-propos\/politique-editoriale\/#breadcrumb\"},\"inLanguage\":\"fr-CA\",\"potentialAction\":[{\"@type\":\"ReadAction\",\"target\":[\"https:\/\/revues.uqam.ca\/modele\/a-propos\/politique-editoriale\/\"]}]},{\"@type\":\"BreadcrumbList\",\"@id\":\"https:\/\/revues.uqam.ca\/modele\/a-propos\/politique-editoriale\/#breadcrumb\",\"itemListElement\":[{\"@type\":\"ListItem\",\"position\":1,\"name\":\"UQAM\",\"item\":\"https:\/\/uqam.ca\"},{\"@type\":\"ListItem\",\"position\":2,\"name\":\"Mod\u00e8le pour une revue savante\",\"item\":\"https:\/\/revues.uqam.ca\/modele\"},{\"@type\":\"ListItem\",\"position\":3,\"name\":\"\u00c0 propos\",\"item\":\"https:\/\/revues.uqam.ca\/modele\/a-propos\/\"},{\"@type\":\"ListItem\",\"position\":4,\"name\":\"Politiques \u00e9ditoriales\"}]},{\"@type\":\"WebSite\",\"@id\":\"https:\/\/revues.uqam.ca\/modele\/#website\",\"url\":\"https:\/\/revues.uqam.ca\/modele\/\",\"name\":\"Mod\u00e8le revue\",\"description\":\"\",\"alternateName\":\"Mod\u00e8le revue UQAM\",\"potentialAction\":[{\"@type\":\"SearchAction\",\"target\":{\"@type\":\"EntryPoint\",\"urlTemplate\":\"https:\/\/revues.uqam.ca\/modele\/recherche\/?q={search_term_string}\"},\"query-input\":\"required name=search_term_string\"}],\"inLanguage\":\"fr-CA\"}]}<\/script>\n<!-- \/ Yoast SEO plugin. -->","yoast_head_json":{"title":"Politiques \u00e9ditoriales | Mod\u00e8le pour une revue savante","robots":{"index":"noindex","follow":"follow","max-snippet":"max-snippet:-1","max-image-preview":"max-image-preview:large","max-video-preview":"max-video-preview:-1"},"og_locale":"fr_CA","og_type":"article","og_title":"Politiques \u00e9ditoriales | Mod\u00e8le pour une revue savante","og_description":"Avant le lancement de votre revue Voici une liste de questions et de r\u00e9flexions pour guider les \u00e9quipes \u00e9ditoriales afin de faciliter le travail de mise en \u0153uvre d&rsquo;une revue. Si ces questions sont trait\u00e9es en amont, cela facilitera le d\u00e9veloppement et la p\u00e9rennit\u00e9 de votre revue. Apr\u00e8s la publication du premier num\u00e9ro","og_url":"https:\/\/revues.uqam.ca\/modele\/a-propos\/politique-editoriale\/","og_site_name":"Mod\u00e8le pour une revue savante","article_modified_time":"2024-09-24T15:27:40+00:00","og_image":[{"width":360,"height":360,"url":"https:\/\/revues.uqam.ca\/modele\/wp-content\/uploads\/sites\/5\/2024\/04\/Logo-carre-NONOFFICIEL.png","type":"image\/png"}],"twitter_card":"summary_large_image","twitter_misc":{"Estimation du temps de lecture":"2 minutes"},"schema":{"@context":"https:\/\/schema.org","@graph":[{"@type":"WebPage","@id":"https:\/\/revues.uqam.ca\/modele\/a-propos\/politique-editoriale\/","url":"https:\/\/revues.uqam.ca\/modele\/a-propos\/politique-editoriale\/","name":"Politiques \u00e9ditoriales | Mod\u00e8le pour une revue savante","isPartOf":{"@id":"https:\/\/revues.uqam.ca\/modele\/#website"},"datePublished":"2023-01-09T17:04:37+00:00","dateModified":"2024-09-24T15:27:40+00:00","breadcrumb":{"@id":"https:\/\/revues.uqam.ca\/modele\/a-propos\/politique-editoriale\/#breadcrumb"},"inLanguage":"fr-CA","potentialAction":[{"@type":"ReadAction","target":["https:\/\/revues.uqam.ca\/modele\/a-propos\/politique-editoriale\/"]}]},{"@type":"BreadcrumbList","@id":"https:\/\/revues.uqam.ca\/modele\/a-propos\/politique-editoriale\/#breadcrumb","itemListElement":[{"@type":"ListItem","position":1,"name":"UQAM","item":"https:\/\/uqam.ca"},{"@type":"ListItem","position":2,"name":"Mod\u00e8le pour une revue savante","item":"https:\/\/revues.uqam.ca\/modele"},{"@type":"ListItem","position":3,"name":"\u00c0 propos","item":"https:\/\/revues.uqam.ca\/modele\/a-propos\/"},{"@type":"ListItem","position":4,"name":"Politiques \u00e9ditoriales"}]},{"@type":"WebSite","@id":"https:\/\/revues.uqam.ca\/modele\/#website","url":"https:\/\/revues.uqam.ca\/modele\/","name":"Mod\u00e8le revue","description":"","alternateName":"Mod\u00e8le revue UQAM","potentialAction":[{"@type":"SearchAction","target":{"@type":"EntryPoint","urlTemplate":"https:\/\/revues.uqam.ca\/modele\/recherche\/?q={search_term_string}"},"query-input":"required name=search_term_string"}],"inLanguage":"fr-CA"}]}},"coauthors":[{"link":"https:\/\/revues.uqam.ca\/modele\/author\/laporte_jon\/","display_name":"Jonathan Laporte"}],"author_meta":{"author_link":"https:\/\/revues.uqam.ca\/modele\/author\/laporte_jon\/","display_name":"Jonathan Laporte"},"relative_dates":{"created":"Posted 3 ann\u00e9es ago","modified":"Updated 2 ann\u00e9es ago"},"absolute_dates":{"created":"Posted on 2023-01-09","modified":"Updated on 2024-09-24"},"absolute_dates_time":{"created":"Posted on 2023-01-09 12 h 04 min","modified":"Updated on 2024-09-24 15 h 27 min"},"featured_img_caption":"","featured_img":false,"series_order":"","_links":{"self":[{"href":"https:\/\/revues.uqam.ca\/modele\/wp-json\/wp\/v2\/pages\/15","targetHints":{"allow":["GET"]}}],"collection":[{"href":"https:\/\/revues.uqam.ca\/modele\/wp-json\/wp\/v2\/pages"}],"about":[{"href":"https:\/\/revues.uqam.ca\/modele\/wp-json\/wp\/v2\/types\/page"}],"author":[{"embeddable":true,"href":"https:\/\/revues.uqam.ca\/modele\/wp-json\/wp\/v2\/users\/1"}],"replies":[{"embeddable":true,"href":"https:\/\/revues.uqam.ca\/modele\/wp-json\/wp\/v2\/comments?post=15"}],"version-history":[{"count":12,"href":"https:\/\/revues.uqam.ca\/modele\/wp-json\/wp\/v2\/pages\/15\/revisions"}],"predecessor-version":[{"id":14256,"href":"https:\/\/revues.uqam.ca\/modele\/wp-json\/wp\/v2\/pages\/15\/revisions\/14256"}],"up":[{"embeddable":true,"href":"https:\/\/revues.uqam.ca\/modele\/wp-json\/wp\/v2\/pages\/18"}],"wp:attachment":[{"href":"https:\/\/revues.uqam.ca\/modele\/wp-json\/wp\/v2\/media?parent=15"}],"wp:term":[{"taxonomy":"category","embeddable":true,"href":"https:\/\/revues.uqam.ca\/modele\/wp-json\/wp\/v2\/categories?post=15"}],"curies":[{"name":"wp","href":"https:\/\/api.w.org\/{rel}","templated":true}]}}