{"id":12125,"date":"2023-01-09T12:03:34","date_gmt":"2023-01-09T17:03:34","guid":{"rendered":"https:\/\/revues.dev.uqam.ca\/iref\/?page_id=13"},"modified":"2024-07-08T14:00:15","modified_gmt":"2024-07-08T14:00:15","slug":"equipe-editoriale","status":"publish","type":"page","link":"https:\/\/revues.uqam.ca\/modele\/a-propos\/equipe-editoriale\/","title":{"rendered":"\u00c9quipe \u00e9ditoriale"},"content":{"rendered":"\n<ul class=\"wp-block-list\">\n<li><a href=\"#direction\">Direction<\/a><\/li>\n\n\n\n<li><a href=\"#redaction\">Comit\u00e9 de r\u00e9daction<\/a><\/li>\n\n\n\n<li><a href=\"#scientifique\">Comit\u00e9 scientifique<\/a><\/li>\n\n\n\n<li><a href=\"#ethique\">Comit\u00e9 \u00e9thique<\/a><\/li>\n\n\n\n<li><a href=\"#technique\">\u00c9quipe technique<\/a><\/li>\n<\/ul>\n\n\n\n<div class=\"wp-block-group has-very-light-gray-to-cyan-bluish-gray-gradient-background has-background\"><div class=\"wp-block-group__inner-container is-layout-constrained wp-block-group-is-layout-constrained\">\n<p><strong>Composition de l&rsquo;\u00e9quipe<\/strong><\/p>\n\n\n\n<div class=\"wp-block-group has-very-light-gray-to-cyan-bluish-gray-gradient-background has-background\"><div class=\"wp-block-group__inner-container is-layout-constrained wp-block-group-is-layout-constrained\">\n<table class=\"wp-block-advgb-table advgb-table-frontend\" style=\"border-collapse:collapse\"><tbody><tr><td style=\"border-width:1px;border-top-color:#000;border-right-color:#000;border-bottom-color:#000;border-left-color:#000\"><strong>Directrice, directeur<\/strong><\/td><td style=\"border-top-color:#000;border-right-color:#000;border-bottom-color:#000;border-left-color:#000\">Qui sera responsable des orientations de la revue et de sa planification? Qui cherchera le financement? Qui est habilet\u00e9 \u00e0 l\u00e9gitimer la cr\u00e9dibilit\u00e9 de la revue?<\/td><\/tr><tr><td style=\"border-top-color:#000;border-right-color:#000;border-bottom-color:#000;border-left-color:#000\"><strong>R\u00e9dactrice en chef, r\u00e9dacteur en chef et comit\u00e9 de r\u00e9daction<\/strong><\/td><td style=\"border-top-color:#000;border-right-color:#000;border-bottom-color:#000;border-left-color:#000\">Qui assurera la qualit\u00e9 du processus \u00e9ditorial et l\u2019acceptation finale des contenus pouvant \u00eatre publi\u00e9s? Qui travaillera \u00e0 la visibilit\u00e9 de la revue?<\/td><\/tr><tr><td style=\"border-top-color:#000;border-right-color:#000;border-bottom-color:#000;border-left-color:#000\"><strong>Comit\u00e9 scientifique<\/strong><\/td><td style=\"border-top-color:#000;border-right-color:#000;border-bottom-color:#000;border-left-color:#000\">Qui aidera le r\u00e9dacteur dans le choix des contenus scientifiques? Qui aidera \u00e0 trouver des \u00e9valuateurs?<\/td><\/tr><tr><td style=\"border-top-color:#000;border-right-color:#000;border-bottom-color:#000;border-left-color:#000\"><strong>Comit\u00e9 \u00e9thique<\/strong><\/td><td style=\"border-top-color:#000;border-right-color:#000;border-bottom-color:#000;border-left-color:#000\">Qui s\u2019occupera de g\u00e9rer les cas de plagiat ou de fraude?<\/td><\/tr><tr><td style=\"border-top-color:#000;border-right-color:#000;border-bottom-color:#000;border-left-color:#000\"><strong>\u00c9quipe technique<\/strong><\/td><td style=\"border-top-color:#000;border-right-color:#000;border-bottom-color:#000;border-left-color:#000\">Qui veillera aux consid\u00e9rations technologiques rendant possible la diffusion de la revue? Qui assumera les t\u00e2ches administratives?<\/td><\/tr><\/tbody><\/table>\n<\/div><\/div>\n<\/div><\/div>\n\n\n\n<ul class=\"wp-block-list\">\n<li><a href=\"https:\/\/www.oajournals-toolkit.org\/fr\/personnel\">Personnel<\/a><br>Open Access Journals Toolkit<\/li>\n<\/ul>\n\n\n\n<h2 class=\"wp-block-heading\" id=\"direction\">Direction<\/h2>\n\n\n\n<p><strong>Nom, Pr\u00e9nom<\/strong><br>Affiliation<br>ORCID (facultatif)<br>Page institutionnelle (facultatif)<br>Br\u00e8ve pr\u00e9sentation <br>Photo<\/p>\n\n\n\n<p><strong>Nom, Pr\u00e9nom<\/strong><br>Affiliation<br>ORCID (facultatif)<br>Page institutionnelle (facultatif)<br>Br\u00e8ve pr\u00e9sentation<br>Photo <\/p>\n\n\n\n<h2 class=\"wp-block-heading\" id=\"redaction\">Comit\u00e9 de r\u00e9daction<\/h2>\n\n\n\n<p><strong>Nom, Pr\u00e9nom<\/strong><br>Affiliation<br>ORCID (facultatif)<br>Page institutionnelle (facultatif)<\/p>\n\n\n\n<p><strong>Nom, Pr\u00e9nom<\/strong><br>Affiliation<br>ORCID (facultatif)<br>Page institutionnelle (facultatif)<\/p>\n\n\n\n<h2 class=\"wp-block-heading\" id=\"scientifique\">Comit\u00e9 scientifique<\/h2>\n\n\n\n<p><strong>Nom, Pr\u00e9nom<\/strong><br>Affiliation<br>ORCID (facultatif)<br>Page institutionnelle (facultatif)<\/p>\n\n\n\n<p><strong>Nom, Pr\u00e9nom<\/strong><br>Affiliation<br>ORCID (facultatif)<br>Page institutionnelle (facultatif)<\/p>\n\n\n\n<h2 class=\"wp-block-heading\" id=\"ethique\">Comit\u00e9 \u00e9thique<\/h2>\n\n\n\n<p><strong>Nom, Pr\u00e9nom<\/strong><br>Affiliation<br>ORCID (facultatif)<br>Page institutionnelle (facultatif)<\/p>\n\n\n\n<p><strong>Nom, Pr\u00e9nom<\/strong><br>Affiliation<br>ORCID (facultatif)<br>Page institutionnelle (facultatif)<\/p>\n\n\n\n<h2 class=\"wp-block-heading\" id=\"technique\">\u00c9quipe technique<\/h2>\n\n\n\n<p><strong>Nom, Pr\u00e9nom<\/strong><br>Affiliation<br>ORCID (facultatif)<br>Page institutionnelle (facultatif)<\/p>\n\n\n\n<p><strong>Nom, Pr\u00e9nom<\/strong><br>Affiliation<br>ORCID (facultatif)<br>Page institutionnelle (facultatif)<\/p>\n","protected":false},"excerpt":{"rendered":"<p>Composition de l&rsquo;\u00e9quipe Direction Nom, Pr\u00e9nomAffiliationORCID (facultatif)Page institutionnelle (facultatif)Br\u00e8ve pr\u00e9sentation Photo Nom, Pr\u00e9nomAffiliationORCID (facultatif)Page institutionnelle (facultatif)Br\u00e8ve pr\u00e9sentationPhoto Comit\u00e9 de r\u00e9daction Nom, Pr\u00e9nomAffiliationORCID (facultatif)Page institutionnelle (facultatif) Nom, Pr\u00e9nomAffiliationORCID (facultatif)Page institutionnelle (facultatif) Comit\u00e9 scientifique Nom, Pr\u00e9nomAffiliationORCID (facultatif)Page institutionnelle (facultatif) Nom, Pr\u00e9nomAffiliationORCID (facultatif)Page institutionnelle (facultatif) Comit\u00e9 \u00e9thique Nom, Pr\u00e9nomAffiliationORCID (facultatif)Page institutionnelle (facultatif) Nom, Pr\u00e9nomAffiliationORCID (facultatif)Page institutionnelle (facultatif) \u00c9quipe [&hellip;]<\/p>\n","protected":false},"author":1,"featured_media":0,"parent":18,"menu_order":1,"comment_status":"closed","ping_status":"closed","template":"","meta":{"_acf_changed":false,"advgb_blocks_editor_width":"","advgb_blocks_columns_visual_guide":"","footnotes":""},"categories":[],"class_list":["post-12125","page","type-page","status-publish","hentry"],"acf":[],"yoast_head":"<!-- This site is optimized with the Yoast SEO plugin v22.1 - https:\/\/yoast.com\/wordpress\/plugins\/seo\/ -->\n<title>\u00c9quipe \u00e9ditoriale | Mod\u00e8le pour une revue savante<\/title>\n<meta name=\"robots\" content=\"noindex, follow, max-snippet:-1, max-image-preview:large, max-video-preview:-1\" \/>\n<meta property=\"og:locale\" content=\"fr_CA\" \/>\n<meta property=\"og:type\" content=\"article\" \/>\n<meta property=\"og:title\" content=\"\u00c9quipe \u00e9ditoriale | Mod\u00e8le pour une revue savante\" \/>\n<meta property=\"og:description\" content=\"Composition de l&rsquo;\u00e9quipe Direction Nom, Pr\u00e9nomAffiliationORCID (facultatif)Page institutionnelle (facultatif)Br\u00e8ve pr\u00e9sentation Photo Nom, Pr\u00e9nomAffiliationORCID (facultatif)Page institutionnelle (facultatif)Br\u00e8ve pr\u00e9sentationPhoto Comit\u00e9 de r\u00e9daction Nom, Pr\u00e9nomAffiliationORCID (facultatif)Page institutionnelle (facultatif) Nom, Pr\u00e9nomAffiliationORCID (facultatif)Page institutionnelle (facultatif) Comit\u00e9 scientifique Nom, Pr\u00e9nomAffiliationORCID (facultatif)Page institutionnelle (facultatif) Nom, Pr\u00e9nomAffiliationORCID (facultatif)Page institutionnelle (facultatif) Comit\u00e9 \u00e9thique Nom, Pr\u00e9nomAffiliationORCID (facultatif)Page institutionnelle (facultatif) Nom, Pr\u00e9nomAffiliationORCID (facultatif)Page institutionnelle (facultatif) \u00c9quipe [&hellip;]\" \/>\n<meta property=\"og:url\" content=\"https:\/\/revues.uqam.ca\/modele\/a-propos\/equipe-editoriale\/\" \/>\n<meta property=\"og:site_name\" content=\"Mod\u00e8le pour une revue savante\" \/>\n<meta property=\"article:modified_time\" content=\"2024-07-08T14:00:15+00:00\" \/>\n<meta property=\"og:image\" content=\"https:\/\/revues.uqam.ca\/modele\/wp-content\/uploads\/sites\/5\/2024\/04\/Logo-carre-NONOFFICIEL.png\" \/>\n\t<meta property=\"og:image:width\" content=\"360\" \/>\n\t<meta property=\"og:image:height\" content=\"360\" \/>\n\t<meta property=\"og:image:type\" content=\"image\/png\" \/>\n<meta name=\"twitter:card\" content=\"summary_large_image\" \/>\n<meta name=\"twitter:label1\" content=\"Estimation du temps de lecture\" \/>\n\t<meta name=\"twitter:data1\" content=\"2 minutes\" \/>\n<script type=\"application\/ld+json\" class=\"yoast-schema-graph\">{\"@context\":\"https:\/\/schema.org\",\"@graph\":[{\"@type\":\"WebPage\",\"@id\":\"https:\/\/revues.uqam.ca\/modele\/a-propos\/equipe-editoriale\/\",\"url\":\"https:\/\/revues.uqam.ca\/modele\/a-propos\/equipe-editoriale\/\",\"name\":\"\u00c9quipe \u00e9ditoriale | Mod\u00e8le pour une revue savante\",\"isPartOf\":{\"@id\":\"https:\/\/revues.uqam.ca\/modele\/#website\"},\"datePublished\":\"2023-01-09T17:03:34+00:00\",\"dateModified\":\"2024-07-08T14:00:15+00:00\",\"breadcrumb\":{\"@id\":\"https:\/\/revues.uqam.ca\/modele\/a-propos\/equipe-editoriale\/#breadcrumb\"},\"inLanguage\":\"fr-CA\",\"potentialAction\":[{\"@type\":\"ReadAction\",\"target\":[\"https:\/\/revues.uqam.ca\/modele\/a-propos\/equipe-editoriale\/\"]}]},{\"@type\":\"BreadcrumbList\",\"@id\":\"https:\/\/revues.uqam.ca\/modele\/a-propos\/equipe-editoriale\/#breadcrumb\",\"itemListElement\":[{\"@type\":\"ListItem\",\"position\":1,\"name\":\"UQAM\",\"item\":\"https:\/\/uqam.ca\"},{\"@type\":\"ListItem\",\"position\":2,\"name\":\"Mod\u00e8le pour une revue savante\",\"item\":\"https:\/\/revues.uqam.ca\/modele\"},{\"@type\":\"ListItem\",\"position\":3,\"name\":\"\u00c0 propos\",\"item\":\"https:\/\/revues.uqam.ca\/modele\/a-propos\/\"},{\"@type\":\"ListItem\",\"position\":4,\"name\":\"\u00c9quipe \u00e9ditoriale\"}]},{\"@type\":\"WebSite\",\"@id\":\"https:\/\/revues.uqam.ca\/modele\/#website\",\"url\":\"https:\/\/revues.uqam.ca\/modele\/\",\"name\":\"Mod\u00e8le revue\",\"description\":\"\",\"alternateName\":\"Mod\u00e8le revue UQAM\",\"potentialAction\":[{\"@type\":\"SearchAction\",\"target\":{\"@type\":\"EntryPoint\",\"urlTemplate\":\"https:\/\/revues.uqam.ca\/modele\/recherche\/?q={search_term_string}\"},\"query-input\":\"required name=search_term_string\"}],\"inLanguage\":\"fr-CA\"}]}<\/script>\n<!-- \/ Yoast SEO plugin. -->","yoast_head_json":{"title":"\u00c9quipe \u00e9ditoriale | Mod\u00e8le pour une revue savante","robots":{"index":"noindex","follow":"follow","max-snippet":"max-snippet:-1","max-image-preview":"max-image-preview:large","max-video-preview":"max-video-preview:-1"},"og_locale":"fr_CA","og_type":"article","og_title":"\u00c9quipe \u00e9ditoriale | Mod\u00e8le pour une revue savante","og_description":"Composition de l&rsquo;\u00e9quipe Direction Nom, Pr\u00e9nomAffiliationORCID (facultatif)Page institutionnelle (facultatif)Br\u00e8ve pr\u00e9sentation Photo Nom, Pr\u00e9nomAffiliationORCID (facultatif)Page institutionnelle (facultatif)Br\u00e8ve pr\u00e9sentationPhoto Comit\u00e9 de r\u00e9daction Nom, Pr\u00e9nomAffiliationORCID (facultatif)Page institutionnelle (facultatif) Nom, Pr\u00e9nomAffiliationORCID (facultatif)Page institutionnelle (facultatif) Comit\u00e9 scientifique Nom, Pr\u00e9nomAffiliationORCID (facultatif)Page institutionnelle (facultatif) Nom, Pr\u00e9nomAffiliationORCID (facultatif)Page institutionnelle (facultatif) Comit\u00e9 \u00e9thique Nom, Pr\u00e9nomAffiliationORCID (facultatif)Page institutionnelle (facultatif) Nom, Pr\u00e9nomAffiliationORCID (facultatif)Page institutionnelle (facultatif) \u00c9quipe [&hellip;]","og_url":"https:\/\/revues.uqam.ca\/modele\/a-propos\/equipe-editoriale\/","og_site_name":"Mod\u00e8le pour une revue savante","article_modified_time":"2024-07-08T14:00:15+00:00","og_image":[{"width":360,"height":360,"url":"https:\/\/revues.uqam.ca\/modele\/wp-content\/uploads\/sites\/5\/2024\/04\/Logo-carre-NONOFFICIEL.png","type":"image\/png"}],"twitter_card":"summary_large_image","twitter_misc":{"Estimation du temps de lecture":"2 minutes"},"schema":{"@context":"https:\/\/schema.org","@graph":[{"@type":"WebPage","@id":"https:\/\/revues.uqam.ca\/modele\/a-propos\/equipe-editoriale\/","url":"https:\/\/revues.uqam.ca\/modele\/a-propos\/equipe-editoriale\/","name":"\u00c9quipe \u00e9ditoriale | Mod\u00e8le pour une revue savante","isPartOf":{"@id":"https:\/\/revues.uqam.ca\/modele\/#website"},"datePublished":"2023-01-09T17:03:34+00:00","dateModified":"2024-07-08T14:00:15+00:00","breadcrumb":{"@id":"https:\/\/revues.uqam.ca\/modele\/a-propos\/equipe-editoriale\/#breadcrumb"},"inLanguage":"fr-CA","potentialAction":[{"@type":"ReadAction","target":["https:\/\/revues.uqam.ca\/modele\/a-propos\/equipe-editoriale\/"]}]},{"@type":"BreadcrumbList","@id":"https:\/\/revues.uqam.ca\/modele\/a-propos\/equipe-editoriale\/#breadcrumb","itemListElement":[{"@type":"ListItem","position":1,"name":"UQAM","item":"https:\/\/uqam.ca"},{"@type":"ListItem","position":2,"name":"Mod\u00e8le pour une revue savante","item":"https:\/\/revues.uqam.ca\/modele"},{"@type":"ListItem","position":3,"name":"\u00c0 propos","item":"https:\/\/revues.uqam.ca\/modele\/a-propos\/"},{"@type":"ListItem","position":4,"name":"\u00c9quipe \u00e9ditoriale"}]},{"@type":"WebSite","@id":"https:\/\/revues.uqam.ca\/modele\/#website","url":"https:\/\/revues.uqam.ca\/modele\/","name":"Mod\u00e8le revue","description":"","alternateName":"Mod\u00e8le revue UQAM","potentialAction":[{"@type":"SearchAction","target":{"@type":"EntryPoint","urlTemplate":"https:\/\/revues.uqam.ca\/modele\/recherche\/?q={search_term_string}"},"query-input":"required name=search_term_string"}],"inLanguage":"fr-CA"}]}},"coauthors":[{"link":"https:\/\/revues.uqam.ca\/modele\/author\/laporte_jon\/","display_name":"Jonathan Laporte"}],"author_meta":{"author_link":"https:\/\/revues.uqam.ca\/modele\/author\/laporte_jon\/","display_name":"Jonathan Laporte"},"relative_dates":{"created":"Posted 3 ann\u00e9es ago","modified":"Updated 2 ann\u00e9es ago"},"absolute_dates":{"created":"Posted on 2023-01-09","modified":"Updated on 2024-07-08"},"absolute_dates_time":{"created":"Posted on 2023-01-09 12 h 03 min","modified":"Updated on 2024-07-08 14 h 00 min"},"featured_img_caption":"","featured_img":false,"series_order":"","_links":{"self":[{"href":"https:\/\/revues.uqam.ca\/modele\/wp-json\/wp\/v2\/pages\/12125","targetHints":{"allow":["GET"]}}],"collection":[{"href":"https:\/\/revues.uqam.ca\/modele\/wp-json\/wp\/v2\/pages"}],"about":[{"href":"https:\/\/revues.uqam.ca\/modele\/wp-json\/wp\/v2\/types\/page"}],"author":[{"embeddable":true,"href":"https:\/\/revues.uqam.ca\/modele\/wp-json\/wp\/v2\/users\/1"}],"replies":[{"embeddable":true,"href":"https:\/\/revues.uqam.ca\/modele\/wp-json\/wp\/v2\/comments?post=12125"}],"version-history":[{"count":12,"href":"https:\/\/revues.uqam.ca\/modele\/wp-json\/wp\/v2\/pages\/12125\/revisions"}],"predecessor-version":[{"id":14148,"href":"https:\/\/revues.uqam.ca\/modele\/wp-json\/wp\/v2\/pages\/12125\/revisions\/14148"}],"up":[{"embeddable":true,"href":"https:\/\/revues.uqam.ca\/modele\/wp-json\/wp\/v2\/pages\/18"}],"wp:attachment":[{"href":"https:\/\/revues.uqam.ca\/modele\/wp-json\/wp\/v2\/media?parent=12125"}],"wp:term":[{"taxonomy":"category","embeddable":true,"href":"https:\/\/revues.uqam.ca\/modele\/wp-json\/wp\/v2\/categories?post=12125"}],"curies":[{"name":"wp","href":"https:\/\/api.w.org\/{rel}","templated":true}]}}