{"id":40,"date":"2023-01-10T16:23:42","date_gmt":"2023-01-10T16:23:42","guid":{"rendered":"https:\/\/revues.dev.uqam.ca\/iref\/?page_id=40"},"modified":"2026-02-24T15:41:12","modified_gmt":"2026-02-24T15:41:12","slug":"accueil","status":"publish","type":"page","link":"https:\/\/revues.uqam.ca\/feminetudes\/","title":{"rendered":"Accueil"},"content":{"rendered":"\n<p><strong>Bienvenue sur le site web de la revue <em>F\u00e9min\u00c9tudes<\/em>!&nbsp;<\/strong><\/p>\n\n\n\n<p><em>F\u00e9min\u00c9tudes <\/em>est une revue \u00e9tudiante, f\u00e9ministe et multidisciplinaire. La revue est n\u00e9e en 1995 de l\u2019initiative d\u2019\u00e9tudiantes f\u00e9ministes dans l\u2019int\u00e9r\u00eat de partager leurs recherches et de cr\u00e9er un groupe affinitaire. Depuis, elle publie en moyenne un num\u00e9ro par an ou par deux ans. Toutes les contributions passent par un processus de r\u00e9vision par les pairs. La revue est autog\u00e9r\u00e9e par des collectifs de r\u00e9daction b\u00e9n\u00e9voles et elle est soutenue par l\u2019Institut de recherches et d\u2019\u00e9tudes f\u00e9ministes (IREF) de l\u2019Universit\u00e9 du Qu\u00e9bec \u00e0 Montr\u00e9al (UQAM). Les num\u00e9ros sont disponibles en libre acc\u00e8s sur le site web, ainsi que dans certaines librairies montr\u00e9alaises ind\u00e9pendantes.&nbsp;&nbsp;<\/p>\n\n\n\n<p>Au fil des ans, <em>F\u00e9min\u00c9tudes <\/em>a r\u00e9ussi \u00e0 se b\u00e2tir une r\u00e9putation et une l\u00e9gitimit\u00e9 dans le champ de la recherche en \u00e9tudes f\u00e9ministes, car elle offre une tribune aux travaux et aux r\u00e9flexions de nombreux\u00b7ses \u00e9tudiant\u00b7es. Au-del\u00e0 de la recherche, c\u2019est \u00e9galement pour l\u2019avancement des luttes f\u00e9ministes que <em>F\u00e9min\u00c9tudes <\/em>souhaite continuer \u00e0 grandir.<\/p>\n\n\n\n<p>N\u2019h\u00e9sitez pas \u00e0 nous soumettre vos propositions de contenus pour nos num\u00e9ros ouverts, les carnets de recherche : <\/p>\n\n\n\n<p><\/p>\n\n\n\n<ul class=\"wp-block-list\">\n<li><a href=\"https:\/\/revues.uqam.ca\/feminetudes\/numero_carnets_de_recherche\/perspectives-ecofeministes\/\">Carnet de recherche \u00ab Perspectives \u00e9cof\u00e9ministes \u00bb<\/a><\/li>\n\n\n\n<li><a href=\"https:\/\/revues.uqam.ca\/feminetudes\/numero_carnets_de_recherche\/recherches-actuelles\/\">Carnets de recherche \u00ab Recherches actuelles \u00bb<\/a><\/li>\n<\/ul>\n\n\n\n<p><\/p>\n\n\n\n<p>N\u2019h\u00e9sitez pas \u00e0 nous \u00e9crire pour toutes questions au :&nbsp;<a href=\"mailto:revue.feminetudes@gmail.com\">revue.feminetudes@gmail.com<\/a>&nbsp;!<\/p>\n","protected":false},"excerpt":{"rendered":"<p>Bienvenue sur le site web de la revue F\u00e9min\u00c9tudes!&nbsp; F\u00e9min\u00c9tudes est une revue \u00e9tudiante, f\u00e9ministe et multidisciplinaire. La revue est n\u00e9e en 1995 de l\u2019initiative d\u2019\u00e9tudiantes f\u00e9ministes dans l\u2019int\u00e9r\u00eat de partager leurs recherches et de cr\u00e9er un groupe affinitaire. Depuis, elle publie en moyenne un num\u00e9ro par an ou par deux ans. Toutes les contributions [&hellip;]<\/p>\n","protected":false},"author":1,"featured_media":0,"parent":0,"menu_order":0,"comment_status":"closed","ping_status":"closed","template":"","meta":{"_acf_changed":false,"advgb_blocks_editor_width":"","advgb_blocks_columns_visual_guide":"","footnotes":""},"categories":[],"class_list":["post-40","page","type-page","status-publish","hentry"],"acf":[],"yoast_head":"<!-- This site is optimized with the Yoast SEO plugin v22.1 - https:\/\/yoast.com\/wordpress\/plugins\/seo\/ -->\n<title>Accueil | Revue F\u00e9min\u00c9tudes<\/title>\n<meta name=\"robots\" content=\"index, follow, max-snippet:-1, max-image-preview:large, max-video-preview:-1\" \/>\n<link rel=\"canonical\" href=\"https:\/\/revues.uqam.ca\/feminetudes\/\" \/>\n<meta property=\"og:locale\" content=\"fr_CA\" \/>\n<meta property=\"og:type\" content=\"article\" \/>\n<meta property=\"og:title\" content=\"Accueil | Revue F\u00e9min\u00c9tudes\" \/>\n<meta property=\"og:description\" content=\"Bienvenue sur le site web de la revue F\u00e9min\u00c9tudes!&nbsp; F\u00e9min\u00c9tudes est une revue \u00e9tudiante, f\u00e9ministe et multidisciplinaire. La revue est n\u00e9e en 1995 de l\u2019initiative d\u2019\u00e9tudiantes f\u00e9ministes dans l\u2019int\u00e9r\u00eat de partager leurs recherches et de cr\u00e9er un groupe affinitaire. Depuis, elle publie en moyenne un num\u00e9ro par an ou par deux ans. Toutes les contributions [&hellip;]\" \/>\n<meta property=\"og:url\" content=\"https:\/\/revues.uqam.ca\/feminetudes\/\" \/>\n<meta property=\"og:site_name\" content=\"Revue F\u00e9min\u00c9tudes\" \/>\n<meta property=\"article:modified_time\" content=\"2026-02-24T15:41:12+00:00\" \/>\n<meta property=\"og:image\" content=\"https:\/\/revues.uqam.ca\/feminetudes\/wp-content\/uploads\/sites\/8\/2024\/04\/Logo-carre-NONOFFICIEL.png\" \/>\n\t<meta property=\"og:image:width\" content=\"360\" \/>\n\t<meta property=\"og:image:height\" content=\"360\" \/>\n\t<meta property=\"og:image:type\" content=\"image\/png\" \/>\n<meta name=\"twitter:card\" content=\"summary_large_image\" \/>\n<meta name=\"twitter:label1\" content=\"Estimation du temps de lecture\" \/>\n\t<meta name=\"twitter:data1\" content=\"2 minutes\" \/>\n<script type=\"application\/ld+json\" class=\"yoast-schema-graph\">{\"@context\":\"https:\/\/schema.org\",\"@graph\":[{\"@type\":\"WebPage\",\"@id\":\"https:\/\/revues.uqam.ca\/feminetudes\/\",\"url\":\"https:\/\/revues.uqam.ca\/feminetudes\/\",\"name\":\"Accueil | Revue F\u00e9min\u00c9tudes\",\"isPartOf\":{\"@id\":\"https:\/\/revues.uqam.ca\/feminetudes\/#website\"},\"datePublished\":\"2023-01-10T16:23:42+00:00\",\"dateModified\":\"2026-02-24T15:41:12+00:00\",\"breadcrumb\":{\"@id\":\"https:\/\/revues.uqam.ca\/feminetudes\/#breadcrumb\"},\"inLanguage\":\"fr-CA\",\"potentialAction\":[{\"@type\":\"ReadAction\",\"target\":[\"https:\/\/revues.uqam.ca\/feminetudes\/\"]}]},{\"@type\":\"BreadcrumbList\",\"@id\":\"https:\/\/revues.uqam.ca\/feminetudes\/#breadcrumb\",\"itemListElement\":[{\"@type\":\"ListItem\",\"position\":1,\"name\":\"UQAM\",\"item\":\"https:\/\/uqam.ca\"},{\"@type\":\"ListItem\",\"position\":2,\"name\":\"Revue F\u00e9min\u00c9tudes\",\"item\":\"https:\/\/revues.uqam.ca\/feminetudes\"},{\"@type\":\"ListItem\",\"position\":3,\"name\":\"Accueil\"}]},{\"@type\":\"WebSite\",\"@id\":\"https:\/\/revues.uqam.ca\/feminetudes\/#website\",\"url\":\"https:\/\/revues.uqam.ca\/feminetudes\/\",\"name\":\"Mod\u00e8le revue\",\"description\":\"\",\"alternateName\":\"Mod\u00e8le revue UQAM\",\"potentialAction\":[{\"@type\":\"SearchAction\",\"target\":{\"@type\":\"EntryPoint\",\"urlTemplate\":\"https:\/\/revues.uqam.ca\/feminetudes\/recherche\/?q={search_term_string}\"},\"query-input\":\"required name=search_term_string\"}],\"inLanguage\":\"fr-CA\"}]}<\/script>\n<!-- \/ Yoast SEO plugin. -->","yoast_head_json":{"title":"Accueil | Revue F\u00e9min\u00c9tudes","robots":{"index":"index","follow":"follow","max-snippet":"max-snippet:-1","max-image-preview":"max-image-preview:large","max-video-preview":"max-video-preview:-1"},"canonical":"https:\/\/revues.uqam.ca\/feminetudes\/","og_locale":"fr_CA","og_type":"article","og_title":"Accueil | Revue F\u00e9min\u00c9tudes","og_description":"Bienvenue sur le site web de la revue F\u00e9min\u00c9tudes!&nbsp; F\u00e9min\u00c9tudes est une revue \u00e9tudiante, f\u00e9ministe et multidisciplinaire. La revue est n\u00e9e en 1995 de l\u2019initiative d\u2019\u00e9tudiantes f\u00e9ministes dans l\u2019int\u00e9r\u00eat de partager leurs recherches et de cr\u00e9er un groupe affinitaire. Depuis, elle publie en moyenne un num\u00e9ro par an ou par deux ans. Toutes les contributions [&hellip;]","og_url":"https:\/\/revues.uqam.ca\/feminetudes\/","og_site_name":"Revue F\u00e9min\u00c9tudes","article_modified_time":"2026-02-24T15:41:12+00:00","og_image":[{"width":360,"height":360,"url":"https:\/\/revues.uqam.ca\/feminetudes\/wp-content\/uploads\/sites\/8\/2024\/04\/Logo-carre-NONOFFICIEL.png","type":"image\/png"}],"twitter_card":"summary_large_image","twitter_misc":{"Estimation du temps de lecture":"2 minutes"},"schema":{"@context":"https:\/\/schema.org","@graph":[{"@type":"WebPage","@id":"https:\/\/revues.uqam.ca\/feminetudes\/","url":"https:\/\/revues.uqam.ca\/feminetudes\/","name":"Accueil | Revue F\u00e9min\u00c9tudes","isPartOf":{"@id":"https:\/\/revues.uqam.ca\/feminetudes\/#website"},"datePublished":"2023-01-10T16:23:42+00:00","dateModified":"2026-02-24T15:41:12+00:00","breadcrumb":{"@id":"https:\/\/revues.uqam.ca\/feminetudes\/#breadcrumb"},"inLanguage":"fr-CA","potentialAction":[{"@type":"ReadAction","target":["https:\/\/revues.uqam.ca\/feminetudes\/"]}]},{"@type":"BreadcrumbList","@id":"https:\/\/revues.uqam.ca\/feminetudes\/#breadcrumb","itemListElement":[{"@type":"ListItem","position":1,"name":"UQAM","item":"https:\/\/uqam.ca"},{"@type":"ListItem","position":2,"name":"Revue F\u00e9min\u00c9tudes","item":"https:\/\/revues.uqam.ca\/feminetudes"},{"@type":"ListItem","position":3,"name":"Accueil"}]},{"@type":"WebSite","@id":"https:\/\/revues.uqam.ca\/feminetudes\/#website","url":"https:\/\/revues.uqam.ca\/feminetudes\/","name":"Mod\u00e8le revue","description":"","alternateName":"Mod\u00e8le revue UQAM","potentialAction":[{"@type":"SearchAction","target":{"@type":"EntryPoint","urlTemplate":"https:\/\/revues.uqam.ca\/feminetudes\/recherche\/?q={search_term_string}"},"query-input":"required name=search_term_string"}],"inLanguage":"fr-CA"}]}},"coauthors":[{"link":"https:\/\/revues.uqam.ca\/feminetudes\/author\/laporte_jon\/","display_name":"Jonathan Laporte"}],"author_meta":{"author_link":"https:\/\/revues.uqam.ca\/feminetudes\/author\/laporte_jon\/","display_name":"Jonathan Laporte"},"relative_dates":{"created":"Posted 3 ann\u00e9es ago","modified":"Updated 2 mois ago"},"absolute_dates":{"created":"Posted on 2023-01-10","modified":"Updated on 2026-02-24"},"absolute_dates_time":{"created":"Posted on 2023-01-10 16 h 23 min","modified":"Updated on 2026-02-24 15 h 41 min"},"featured_img_caption":"","featured_img":false,"series_order":"","_links":{"self":[{"href":"https:\/\/revues.uqam.ca\/feminetudes\/wp-json\/wp\/v2\/pages\/40","targetHints":{"allow":["GET"]}}],"collection":[{"href":"https:\/\/revues.uqam.ca\/feminetudes\/wp-json\/wp\/v2\/pages"}],"about":[{"href":"https:\/\/revues.uqam.ca\/feminetudes\/wp-json\/wp\/v2\/types\/page"}],"author":[{"embeddable":true,"href":"https:\/\/revues.uqam.ca\/feminetudes\/wp-json\/wp\/v2\/users\/1"}],"replies":[{"embeddable":true,"href":"https:\/\/revues.uqam.ca\/feminetudes\/wp-json\/wp\/v2\/comments?post=40"}],"version-history":[{"count":69,"href":"https:\/\/revues.uqam.ca\/feminetudes\/wp-json\/wp\/v2\/pages\/40\/revisions"}],"predecessor-version":[{"id":15442,"href":"https:\/\/revues.uqam.ca\/feminetudes\/wp-json\/wp\/v2\/pages\/40\/revisions\/15442"}],"wp:attachment":[{"href":"https:\/\/revues.uqam.ca\/feminetudes\/wp-json\/wp\/v2\/media?parent=40"}],"wp:term":[{"taxonomy":"category","embeddable":true,"href":"https:\/\/revues.uqam.ca\/feminetudes\/wp-json\/wp\/v2\/categories?post=40"}],"curies":[{"name":"wp","href":"https:\/\/api.w.org\/{rel}","templated":true}]}}